{"id":6095,"date":"2023-06-09T14:28:36","date_gmt":"2023-06-09T12:28:36","guid":{"rendered":"https:\/\/ecosens.aretis-staging.ch\/referenz\/oekologische-ersatz-und-aufwertungsmassnahmen-copy-copy-copy\/"},"modified":"2024-03-05T16:25:38","modified_gmt":"2024-03-05T15:25:38","slug":"association-des-exploitants-dinstallations-suisses-de-traitement-des-dechets-vbsa-convention-de-la-branche-du-co2-uvek","status":"publish","type":"referenz","link":"https:\/\/www.ecosens.ch\/fr\/reference\/association-des-exploitants-dinstallations-suisses-de-traitement-des-dechets-vbsa-convention-de-la-branche-du-co2-uvek\/","title":{"rendered":"AOST Accord sectoriel sur le CO2 DETEC, Berne"},"featured_media":6099,"template":"","kategorie":[84,85],"class_list":["post-6095","referenz","type-referenz","status-publish","has-post-thumbnail","hentry","kategorie-recht-compliance","kategorie-umwelt-und-energierecht"],"acf":[],"yoast_head":"<!-- This site is optimized with the Yoast SEO plugin v26.8 - https:\/\/yoast.com\/product\/yoast-seo-wordpress\/ -->\n<title>VBSA CO2-Branchenvereinbarung UVEK, Bern - Ecosens AG<\/title>\n<meta name=\"description\" content=\"Artikel 3 Absatz 4 des CO2-Gesetzes sieht vor, dass der Bund mit einzelnen Unternehmensgruppen Reduktionsziele vereinbaren kann. Zwischen dem UVEK und dem VBSA wurde 2014 ein Vertrag zur Reduktion der fossilen CO2-Emissionen aus der Abfallverbrennung abgeschlossen.  Weil dieser bis Ende 2021 befristet war, haben zwischen dem Bund und dem Verband Verhandlungen \u00fcber den Abschluss einer Folgevereinbarung stattgefunden. RA lic. iur Lorenz Lehmann hat den VBSA im Rahmen dieser Vertragsverhandlungen begleitet und juristisch beraten. Der VBSA und das UVEK konnten im M\u00e4rz 2022 einen neuen Vertrag \u00fcber die Reduktion der fossilen CO2-Emissionen aus der Abfallverbrennung und die Umsetzung von Technologien zur Abscheidung, Speicherung und Nutzung von CO2 in Schweizer Kehrichtverwertungsanlagen unterzeichnen.\" \/>\n<meta name=\"robots\" content=\"index, follow, max-snippet:-1, max-image-preview:large, max-video-preview:-1\" \/>\n<link rel=\"canonical\" href=\"https:\/\/www.ecosens.ch\/fr\/reference\/association-des-exploitants-dinstallations-suisses-de-traitement-des-dechets-vbsa-convention-de-la-branche-du-co2-uvek\/\" \/>\n<meta property=\"og:locale\" content=\"fr_FR\" \/>\n<meta property=\"og:type\" content=\"article\" \/>\n<meta property=\"og:title\" content=\"VBSA CO2-Branchenvereinbarung UVEK, Bern - Ecosens AG\" \/>\n<meta property=\"og:description\" content=\"Artikel 3 Absatz 4 des CO2-Gesetzes sieht vor, dass der Bund mit einzelnen Unternehmensgruppen Reduktionsziele vereinbaren kann. Zwischen dem UVEK und dem VBSA wurde 2014 ein Vertrag zur Reduktion der fossilen CO2-Emissionen aus der Abfallverbrennung abgeschlossen.  Weil dieser bis Ende 2021 befristet war, haben zwischen dem Bund und dem Verband Verhandlungen \u00fcber den Abschluss einer Folgevereinbarung stattgefunden. RA lic. iur Lorenz Lehmann hat den VBSA im Rahmen dieser Vertragsverhandlungen begleitet und juristisch beraten. Der VBSA und das UVEK konnten im M\u00e4rz 2022 einen neuen Vertrag \u00fcber die Reduktion der fossilen CO2-Emissionen aus der Abfallverbrennung und die Umsetzung von Technologien zur Abscheidung, Speicherung und Nutzung von CO2 in Schweizer Kehrichtverwertungsanlagen unterzeichnen.\" \/>\n<meta property=\"og:url\" content=\"https:\/\/www.ecosens.ch\/fr\/reference\/association-des-exploitants-dinstallations-suisses-de-traitement-des-dechets-vbsa-convention-de-la-branche-du-co2-uvek\/\" \/>\n<meta property=\"og:site_name\" content=\"Ecosens AG\" \/>\n<meta property=\"article:modified_time\" content=\"2024-03-05T15:25:38+00:00\" \/>\n<meta property=\"og:image\" content=\"https:\/\/www.ecosens.ch\/wp-content\/uploads\/2023\/06\/Logo-VBSA-2b2d644f.png\" \/>\n\t<meta property=\"og:image:width\" content=\"340\" \/>\n\t<meta property=\"og:image:height\" content=\"148\" \/>\n\t<meta property=\"og:image:type\" content=\"image\/png\" \/>\n<meta name=\"twitter:card\" content=\"summary_large_image\" \/>\n<script type=\"application\/ld+json\" class=\"yoast-schema-graph\">{\"@context\":\"https:\/\/schema.org\",\"@graph\":[{\"@type\":\"WebPage\",\"@id\":\"https:\/\/www.ecosens.ch\/referenz\/verband-der-betreiber-schweizerischer-abfallverwertungsanlagen-vbsa-co2-branchenvereinbarung-uvek\/\",\"url\":\"https:\/\/www.ecosens.ch\/referenz\/verband-der-betreiber-schweizerischer-abfallverwertungsanlagen-vbsa-co2-branchenvereinbarung-uvek\/\",\"name\":\"VBSA CO2-Branchenvereinbarung UVEK, Bern - Ecosens AG\",\"isPartOf\":{\"@id\":\"https:\/\/www.ecosens.ch\/#website\"},\"primaryImageOfPage\":{\"@id\":\"https:\/\/www.ecosens.ch\/referenz\/verband-der-betreiber-schweizerischer-abfallverwertungsanlagen-vbsa-co2-branchenvereinbarung-uvek\/#primaryimage\"},\"image\":{\"@id\":\"https:\/\/www.ecosens.ch\/referenz\/verband-der-betreiber-schweizerischer-abfallverwertungsanlagen-vbsa-co2-branchenvereinbarung-uvek\/#primaryimage\"},\"thumbnailUrl\":\"https:\/\/www.ecosens.ch\/wp-content\/uploads\/2023\/06\/Logo-VBSA-2b2d644f.png\",\"datePublished\":\"2023-06-09T12:28:36+00:00\",\"dateModified\":\"2024-03-05T15:25:38+00:00\",\"description\":\"Artikel 3 Absatz 4 des CO2-Gesetzes sieht vor, dass der Bund mit einzelnen Unternehmensgruppen Reduktionsziele vereinbaren kann. Zwischen dem UVEK und dem VBSA wurde 2014 ein Vertrag zur Reduktion der fossilen CO2-Emissionen aus der Abfallverbrennung abgeschlossen. Weil dieser bis Ende 2021 befristet war, haben zwischen dem Bund und dem Verband Verhandlungen \u00fcber den Abschluss einer Folgevereinbarung stattgefunden. RA lic. iur Lorenz Lehmann hat den VBSA im Rahmen dieser Vertragsverhandlungen begleitet und juristisch beraten. Der VBSA und das UVEK konnten im M\u00e4rz 2022 einen neuen Vertrag \u00fcber die Reduktion der fossilen CO2-Emissionen aus der Abfallverbrennung und die Umsetzung von Technologien zur Abscheidung, Speicherung und Nutzung von CO2 in Schweizer Kehrichtverwertungsanlagen unterzeichnen.\",\"breadcrumb\":{\"@id\":\"https:\/\/www.ecosens.ch\/referenz\/verband-der-betreiber-schweizerischer-abfallverwertungsanlagen-vbsa-co2-branchenvereinbarung-uvek\/#breadcrumb\"},\"inLanguage\":\"fr-FR\",\"potentialAction\":[{\"@type\":\"ReadAction\",\"target\":[\"https:\/\/www.ecosens.ch\/referenz\/verband-der-betreiber-schweizerischer-abfallverwertungsanlagen-vbsa-co2-branchenvereinbarung-uvek\/\"]}]},{\"@type\":\"ImageObject\",\"inLanguage\":\"fr-FR\",\"@id\":\"https:\/\/www.ecosens.ch\/referenz\/verband-der-betreiber-schweizerischer-abfallverwertungsanlagen-vbsa-co2-branchenvereinbarung-uvek\/#primaryimage\",\"url\":\"https:\/\/www.ecosens.ch\/wp-content\/uploads\/2023\/06\/Logo-VBSA-2b2d644f.png\",\"contentUrl\":\"https:\/\/www.ecosens.ch\/wp-content\/uploads\/2023\/06\/Logo-VBSA-2b2d644f.png\",\"width\":340,\"height\":148},{\"@type\":\"BreadcrumbList\",\"@id\":\"https:\/\/www.ecosens.ch\/referenz\/verband-der-betreiber-schweizerischer-abfallverwertungsanlagen-vbsa-co2-branchenvereinbarung-uvek\/#breadcrumb\",\"itemListElement\":[{\"@type\":\"ListItem\",\"position\":1,\"name\":\"Startseite\",\"item\":\"https:\/\/www.ecosens.ch\/\"},{\"@type\":\"ListItem\",\"position\":2,\"name\":\"VBSA CO2-Branchenvereinbarung UVEK, Bern\"}]},{\"@type\":\"WebSite\",\"@id\":\"https:\/\/www.ecosens.ch\/#website\",\"url\":\"https:\/\/www.ecosens.ch\/\",\"name\":\"Ecosens AG\",\"description\":\"\",\"publisher\":{\"@id\":\"https:\/\/www.ecosens.ch\/#organization\"},\"potentialAction\":[{\"@type\":\"SearchAction\",\"target\":{\"@type\":\"EntryPoint\",\"urlTemplate\":\"https:\/\/www.ecosens.ch\/?s={search_term_string}\"},\"query-input\":{\"@type\":\"PropertyValueSpecification\",\"valueRequired\":true,\"valueName\":\"search_term_string\"}}],\"inLanguage\":\"fr-FR\"},{\"@type\":\"Organization\",\"@id\":\"https:\/\/www.ecosens.ch\/#organization\",\"name\":\"Ecosens AG\",\"url\":\"https:\/\/www.ecosens.ch\/\",\"logo\":{\"@type\":\"ImageObject\",\"inLanguage\":\"fr-FR\",\"@id\":\"https:\/\/www.ecosens.ch\/#\/schema\/logo\/image\/\",\"url\":\"https:\/\/www.ecosens.ch\/wp-content\/uploads\/2023\/01\/logo.svg\",\"contentUrl\":\"https:\/\/www.ecosens.ch\/wp-content\/uploads\/2023\/01\/logo.svg\",\"width\":226,\"height\":45,\"caption\":\"Ecosens AG\"},\"image\":{\"@id\":\"https:\/\/www.ecosens.ch\/#\/schema\/logo\/image\/\"}}]}<\/script>\n<!-- \/ Yoast SEO plugin. -->","yoast_head_json":{"title":"AOST Accord de branche CO2 DETEC, Berne - Ecosens AG","description":"L'article 3, alin\u00e9a 4 de la loi sur le CO2 pr\u00e9voit que la Conf\u00e9d\u00e9ration peut convenir d'objectifs de r\u00e9duction avec certains groupes d'entreprises. Un contrat a \u00e9t\u00e9 conclu en 2014 entre le DETEC et l'ASED pour r\u00e9duire les \u00e9missions de CO2 fossile provenant de l'incin\u00e9ration des d\u00e9chets.  Comme celui-ci \u00e9tait limit\u00e9 \u00e0 fin 2021, des n\u00e9gociations ont eu lieu entre la Conf\u00e9d\u00e9ration et l'association en vue de la conclusion d'un accord ult\u00e9rieur. Me Lorenz Lehmann a accompagn\u00e9 l'AOST dans le cadre de ces n\u00e9gociations contractuelles et l'a conseill\u00e9e sur le plan juridique. L'ASED et le DETEC ont pu signer en mars 2022 un nouveau contrat portant sur la r\u00e9duction des \u00e9missions de CO2 d'origine fossile provenant de l'incin\u00e9ration des d\u00e9chets et sur la mise en \u0153uvre de technologies de captage, de stockage et d'utilisation du CO2 dans les usines suisses de traitement des ordures m\u00e9nag\u00e8res.","robots":{"index":"index","follow":"follow","max-snippet":"max-snippet:-1","max-image-preview":"max-image-preview:large","max-video-preview":"max-video-preview:-1"},"canonical":"https:\/\/www.ecosens.ch\/fr\/reference\/association-des-exploitants-dinstallations-suisses-de-traitement-des-dechets-vbsa-convention-de-la-branche-du-co2-uvek\/","og_locale":"fr_FR","og_type":"article","og_title":"VBSA CO2-Branchenvereinbarung UVEK, Bern - Ecosens AG","og_description":"Artikel 3 Absatz 4 des CO2-Gesetzes sieht vor, dass der Bund mit einzelnen Unternehmensgruppen Reduktionsziele vereinbaren kann. Zwischen dem UVEK und dem VBSA wurde 2014 ein Vertrag zur Reduktion der fossilen CO2-Emissionen aus der Abfallverbrennung abgeschlossen.  Weil dieser bis Ende 2021 befristet war, haben zwischen dem Bund und dem Verband Verhandlungen \u00fcber den Abschluss einer Folgevereinbarung stattgefunden. RA lic. iur Lorenz Lehmann hat den VBSA im Rahmen dieser Vertragsverhandlungen begleitet und juristisch beraten. Der VBSA und das UVEK konnten im M\u00e4rz 2022 einen neuen Vertrag \u00fcber die Reduktion der fossilen CO2-Emissionen aus der Abfallverbrennung und die Umsetzung von Technologien zur Abscheidung, Speicherung und Nutzung von CO2 in Schweizer Kehrichtverwertungsanlagen unterzeichnen.","og_url":"https:\/\/www.ecosens.ch\/fr\/reference\/association-des-exploitants-dinstallations-suisses-de-traitement-des-dechets-vbsa-convention-de-la-branche-du-co2-uvek\/","og_site_name":"Ecosens AG","article_modified_time":"2024-03-05T15:25:38+00:00","og_image":[{"width":340,"height":148,"url":"https:\/\/www.ecosens.ch\/wp-content\/uploads\/2023\/06\/Logo-VBSA-2b2d644f.png","type":"image\/png"}],"twitter_card":"summary_large_image","schema":{"@context":"https:\/\/schema.org","@graph":[{"@type":"WebPage","@id":"https:\/\/www.ecosens.ch\/referenz\/verband-der-betreiber-schweizerischer-abfallverwertungsanlagen-vbsa-co2-branchenvereinbarung-uvek\/","url":"https:\/\/www.ecosens.ch\/referenz\/verband-der-betreiber-schweizerischer-abfallverwertungsanlagen-vbsa-co2-branchenvereinbarung-uvek\/","name":"AOST Accord de branche CO2 DETEC, Berne - Ecosens AG","isPartOf":{"@id":"https:\/\/www.ecosens.ch\/#website"},"primaryImageOfPage":{"@id":"https:\/\/www.ecosens.ch\/referenz\/verband-der-betreiber-schweizerischer-abfallverwertungsanlagen-vbsa-co2-branchenvereinbarung-uvek\/#primaryimage"},"image":{"@id":"https:\/\/www.ecosens.ch\/referenz\/verband-der-betreiber-schweizerischer-abfallverwertungsanlagen-vbsa-co2-branchenvereinbarung-uvek\/#primaryimage"},"thumbnailUrl":"https:\/\/www.ecosens.ch\/wp-content\/uploads\/2023\/06\/Logo-VBSA-2b2d644f.png","datePublished":"2023-06-09T12:28:36+00:00","dateModified":"2024-03-05T15:25:38+00:00","description":"L'article 3, alin\u00e9a 4 de la loi sur le CO2 pr\u00e9voit que la Conf\u00e9d\u00e9ration peut convenir d'objectifs de r\u00e9duction avec certains groupes d'entreprises. Un contrat a \u00e9t\u00e9 conclu en 2014 entre le DETEC et l'ASED pour r\u00e9duire les \u00e9missions de CO2 fossile provenant de l'incin\u00e9ration des d\u00e9chets. Comme celui-ci \u00e9tait limit\u00e9 \u00e0 fin 2021, des n\u00e9gociations ont eu lieu entre la Conf\u00e9d\u00e9ration et l'association en vue de la conclusion d'un accord ult\u00e9rieur. Me Lorenz Lehmann a accompagn\u00e9 l'AOST dans le cadre de ces n\u00e9gociations contractuelles et l'a conseill\u00e9e sur le plan juridique. L'ASED et le DETEC ont pu signer en mars 2022 un nouveau contrat portant sur la r\u00e9duction des \u00e9missions de CO2 d'origine fossile provenant de l'incin\u00e9ration des d\u00e9chets et sur la mise en \u0153uvre de technologies de captage, de stockage et d'utilisation du CO2 dans les usines suisses de traitement des ordures m\u00e9nag\u00e8res.","breadcrumb":{"@id":"https:\/\/www.ecosens.ch\/referenz\/verband-der-betreiber-schweizerischer-abfallverwertungsanlagen-vbsa-co2-branchenvereinbarung-uvek\/#breadcrumb"},"inLanguage":"fr-FR","potentialAction":[{"@type":"ReadAction","target":["https:\/\/www.ecosens.ch\/referenz\/verband-der-betreiber-schweizerischer-abfallverwertungsanlagen-vbsa-co2-branchenvereinbarung-uvek\/"]}]},{"@type":"ImageObject","inLanguage":"fr-FR","@id":"https:\/\/www.ecosens.ch\/referenz\/verband-der-betreiber-schweizerischer-abfallverwertungsanlagen-vbsa-co2-branchenvereinbarung-uvek\/#primaryimage","url":"https:\/\/www.ecosens.ch\/wp-content\/uploads\/2023\/06\/Logo-VBSA-2b2d644f.png","contentUrl":"https:\/\/www.ecosens.ch\/wp-content\/uploads\/2023\/06\/Logo-VBSA-2b2d644f.png","width":340,"height":148},{"@type":"BreadcrumbList","@id":"https:\/\/www.ecosens.ch\/referenz\/verband-der-betreiber-schweizerischer-abfallverwertungsanlagen-vbsa-co2-branchenvereinbarung-uvek\/#breadcrumb","itemListElement":[{"@type":"ListItem","position":1,"name":"Startseite","item":"https:\/\/www.ecosens.ch\/"},{"@type":"ListItem","position":2,"name":"VBSA CO2-Branchenvereinbarung UVEK, Bern"}]},{"@type":"WebSite","@id":"https:\/\/www.ecosens.ch\/#website","url":"https:\/\/www.ecosens.ch\/","name":"Ecosens SA","description":"","publisher":{"@id":"https:\/\/www.ecosens.ch\/#organization"},"potentialAction":[{"@type":"SearchAction","target":{"@type":"EntryPoint","urlTemplate":"https:\/\/www.ecosens.ch\/?s={search_term_string}"},"query-input":{"@type":"PropertyValueSpecification","valueRequired":true,"valueName":"search_term_string"}}],"inLanguage":"fr-FR"},{"@type":"Organization","@id":"https:\/\/www.ecosens.ch\/#organization","name":"Ecosens SA","url":"https:\/\/www.ecosens.ch\/","logo":{"@type":"ImageObject","inLanguage":"fr-FR","@id":"https:\/\/www.ecosens.ch\/#\/schema\/logo\/image\/","url":"https:\/\/www.ecosens.ch\/wp-content\/uploads\/2023\/01\/logo.svg","contentUrl":"https:\/\/www.ecosens.ch\/wp-content\/uploads\/2023\/01\/logo.svg","width":226,"height":45,"caption":"Ecosens AG"},"image":{"@id":"https:\/\/www.ecosens.ch\/#\/schema\/logo\/image\/"}}]}},"_links":{"self":[{"href":"https:\/\/www.ecosens.ch\/fr\/wp-json\/wp\/v2\/referenz\/6095","targetHints":{"allow":["GET"]}}],"collection":[{"href":"https:\/\/www.ecosens.ch\/fr\/wp-json\/wp\/v2\/referenz"}],"about":[{"href":"https:\/\/www.ecosens.ch\/fr\/wp-json\/wp\/v2\/types\/referenz"}],"version-history":[{"count":5,"href":"https:\/\/www.ecosens.ch\/fr\/wp-json\/wp\/v2\/referenz\/6095\/revisions"}],"predecessor-version":[{"id":9150,"href":"https:\/\/www.ecosens.ch\/fr\/wp-json\/wp\/v2\/referenz\/6095\/revisions\/9150"}],"wp:featuredmedia":[{"embeddable":true,"href":"https:\/\/www.ecosens.ch\/fr\/wp-json\/wp\/v2\/media\/6099"}],"wp:attachment":[{"href":"https:\/\/www.ecosens.ch\/fr\/wp-json\/wp\/v2\/media?parent=6095"}],"wp:term":[{"taxonomy":"kategorie","embeddable":true,"href":"https:\/\/www.ecosens.ch\/fr\/wp-json\/wp\/v2\/kategorie?post=6095"}],"curies":[{"name":"wp","href":"https:\/\/api.w.org\/{rel}","templated":true}]}}