{"id":4948,"date":"2023-05-29T20:04:07","date_gmt":"2023-05-29T18:04:07","guid":{"rendered":"https:\/\/ecosens.aretis-staging.ch\/referenz\/glatttower-wallisellen-copy\/"},"modified":"2025-06-12T10:27:04","modified_gmt":"2025-06-12T08:27:04","slug":"ecole-primaire-de-duebendorf","status":"publish","type":"referenz","link":"https:\/\/www.ecosens.ch\/fr\/reference\/ecole-primaire-de-duebendorf\/","title":{"rendered":"Mesure du radon \u00e0 l'\u00e9cole primaire de D\u00fcbendorf"},"featured_media":4950,"template":"","kategorie":[69,77],"class_list":["post-4948","referenz","type-referenz","status-publish","has-post-thumbnail","hentry","kategorie-gebaeude","kategorie-raumluft-wohngifte-radon"],"acf":[],"yoast_head":"<!-- This site is optimized with the Yoast SEO plugin v26.8 - https:\/\/yoast.com\/product\/yoast-seo-wordpress\/ -->\n<title>Radonmessung Primarschule D\u00fcbendorf - Ecosens AG<\/title>\n<meta name=\"description\" content=\"Im Jahr 2019\/2020 wurden in s\u00e4mtlichen Schulbauten der Gemeinde D\u00fcbendorf durch die Ecosens AG anerkannte Radonmessungen durchgef\u00fchrt. Dabei wurde in zwei Schulh\u00e4usern in R\u00e4umen mit l\u00e4ngerem Personenaufenthalt eine \u00dcberschreitung des gesetzlich vorgegebene Referenzwerts f\u00fcr Radonkonzentrationen von 300 Bq\/m3 festgestellt. Aus diesem Grund bestand f\u00fcr diese R\u00e4ume ein Sanierungsbedarf.  Mittels Detailabkl\u00e4rungen wurden anschliessend in den betroffenen Geb\u00e4uden m\u00f6gliche Radoneintrittspfade und die Ausbreitung von Radongas innerhalb der Geb\u00e4ude untersucht.  Anhand von zeitaufgel\u00f6sten Radonmessungen konnte zudem die Radonbelastung w\u00e4hrend den effektiven Nutzungszeiten abgesch\u00e4tzt werden.  Auf Basis der durchgef\u00fchrten Untersuchungen konnte im Anschluss f\u00fcr beide Schulh\u00e4user ein ad\u00e4quates Sanierungskonzept erarbeitet werden. Nach der Ausf\u00fchrung der Radonschutzmassnahme durch Drittfirmen, konnte der Sanierungserfolg durch die Ecosens AG mittel Kontrollmessungen nachgewiesen werden.\" \/>\n<meta name=\"robots\" content=\"index, follow, max-snippet:-1, max-image-preview:large, max-video-preview:-1\" \/>\n<link rel=\"canonical\" href=\"https:\/\/www.ecosens.ch\/fr\/reference\/ecole-primaire-de-duebendorf\/\" \/>\n<meta property=\"og:locale\" content=\"fr_FR\" \/>\n<meta property=\"og:type\" content=\"article\" \/>\n<meta property=\"og:title\" content=\"Radonmessung Primarschule D\u00fcbendorf - Ecosens AG\" \/>\n<meta property=\"og:description\" content=\"Im Jahr 2019\/2020 wurden in s\u00e4mtlichen Schulbauten der Gemeinde D\u00fcbendorf durch die Ecosens AG anerkannte Radonmessungen durchgef\u00fchrt. Dabei wurde in zwei Schulh\u00e4usern in R\u00e4umen mit l\u00e4ngerem Personenaufenthalt eine \u00dcberschreitung des gesetzlich vorgegebene Referenzwerts f\u00fcr Radonkonzentrationen von 300 Bq\/m3 festgestellt. Aus diesem Grund bestand f\u00fcr diese R\u00e4ume ein Sanierungsbedarf.  Mittels Detailabkl\u00e4rungen wurden anschliessend in den betroffenen Geb\u00e4uden m\u00f6gliche Radoneintrittspfade und die Ausbreitung von Radongas innerhalb der Geb\u00e4ude untersucht.  Anhand von zeitaufgel\u00f6sten Radonmessungen konnte zudem die Radonbelastung w\u00e4hrend den effektiven Nutzungszeiten abgesch\u00e4tzt werden.  Auf Basis der durchgef\u00fchrten Untersuchungen konnte im Anschluss f\u00fcr beide Schulh\u00e4user ein ad\u00e4quates Sanierungskonzept erarbeitet werden. Nach der Ausf\u00fchrung der Radonschutzmassnahme durch Drittfirmen, konnte der Sanierungserfolg durch die Ecosens AG mittel Kontrollmessungen nachgewiesen werden.\" \/>\n<meta property=\"og:url\" content=\"https:\/\/www.ecosens.ch\/fr\/reference\/ecole-primaire-de-duebendorf\/\" \/>\n<meta property=\"og:site_name\" content=\"Ecosens AG\" \/>\n<meta property=\"article:modified_time\" content=\"2025-06-12T08:27:04+00:00\" \/>\n<meta property=\"og:image\" content=\"https:\/\/www.ecosens.ch\/wp-content\/uploads\/2023\/05\/Primarschule-Duebendorf-Radon-e2489ce0.jpg\" \/>\n\t<meta property=\"og:image:width\" content=\"405\" \/>\n\t<meta property=\"og:image:height\" content=\"291\" \/>\n\t<meta property=\"og:image:type\" content=\"image\/jpeg\" \/>\n<meta name=\"twitter:card\" content=\"summary_large_image\" \/>\n<script type=\"application\/ld+json\" class=\"yoast-schema-graph\">{\"@context\":\"https:\/\/schema.org\",\"@graph\":[{\"@type\":\"WebPage\",\"@id\":\"https:\/\/www.ecosens.ch\/referenz\/primarschule-duebendorf\/\",\"url\":\"https:\/\/www.ecosens.ch\/referenz\/primarschule-duebendorf\/\",\"name\":\"Radonmessung Primarschule D\u00fcbendorf - Ecosens AG\",\"isPartOf\":{\"@id\":\"https:\/\/www.ecosens.ch\/#website\"},\"primaryImageOfPage\":{\"@id\":\"https:\/\/www.ecosens.ch\/referenz\/primarschule-duebendorf\/#primaryimage\"},\"image\":{\"@id\":\"https:\/\/www.ecosens.ch\/referenz\/primarschule-duebendorf\/#primaryimage\"},\"thumbnailUrl\":\"https:\/\/www.ecosens.ch\/wp-content\/uploads\/2023\/05\/Primarschule-Duebendorf-Radon-e2489ce0.jpg\",\"datePublished\":\"2023-05-29T18:04:07+00:00\",\"dateModified\":\"2025-06-12T08:27:04+00:00\",\"description\":\"Im Jahr 2019\/2020 wurden in s\u00e4mtlichen Schulbauten der Gemeinde D\u00fcbendorf durch die Ecosens AG anerkannte Radonmessungen durchgef\u00fchrt. Dabei wurde in zwei Schulh\u00e4usern in R\u00e4umen mit l\u00e4ngerem Personenaufenthalt eine \u00dcberschreitung des gesetzlich vorgegebene Referenzwerts f\u00fcr Radonkonzentrationen von 300 Bq\/m3 festgestellt. Aus diesem Grund bestand f\u00fcr diese R\u00e4ume ein Sanierungsbedarf. Mittels Detailabkl\u00e4rungen wurden anschliessend in den betroffenen Geb\u00e4uden m\u00f6gliche Radoneintrittspfade und die Ausbreitung von Radongas innerhalb der Geb\u00e4ude untersucht. Anhand von zeitaufgel\u00f6sten Radonmessungen konnte zudem die Radonbelastung w\u00e4hrend den effektiven Nutzungszeiten abgesch\u00e4tzt werden. Auf Basis der durchgef\u00fchrten Untersuchungen konnte im Anschluss f\u00fcr beide Schulh\u00e4user ein ad\u00e4quates Sanierungskonzept erarbeitet werden. Nach der Ausf\u00fchrung der Radonschutzmassnahme durch Drittfirmen, konnte der Sanierungserfolg durch die Ecosens AG mittel Kontrollmessungen nachgewiesen werden.\",\"breadcrumb\":{\"@id\":\"https:\/\/www.ecosens.ch\/referenz\/primarschule-duebendorf\/#breadcrumb\"},\"inLanguage\":\"fr-FR\",\"potentialAction\":[{\"@type\":\"ReadAction\",\"target\":[\"https:\/\/www.ecosens.ch\/referenz\/primarschule-duebendorf\/\"]}]},{\"@type\":\"ImageObject\",\"inLanguage\":\"fr-FR\",\"@id\":\"https:\/\/www.ecosens.ch\/referenz\/primarschule-duebendorf\/#primaryimage\",\"url\":\"https:\/\/www.ecosens.ch\/wp-content\/uploads\/2023\/05\/Primarschule-Duebendorf-Radon-e2489ce0.jpg\",\"contentUrl\":\"https:\/\/www.ecosens.ch\/wp-content\/uploads\/2023\/05\/Primarschule-Duebendorf-Radon-e2489ce0.jpg\",\"width\":405,\"height\":291},{\"@type\":\"BreadcrumbList\",\"@id\":\"https:\/\/www.ecosens.ch\/referenz\/primarschule-duebendorf\/#breadcrumb\",\"itemListElement\":[{\"@type\":\"ListItem\",\"position\":1,\"name\":\"Startseite\",\"item\":\"https:\/\/www.ecosens.ch\/\"},{\"@type\":\"ListItem\",\"position\":2,\"name\":\"Radonmessung Primarschule D\u00fcbendorf\"}]},{\"@type\":\"WebSite\",\"@id\":\"https:\/\/www.ecosens.ch\/#website\",\"url\":\"https:\/\/www.ecosens.ch\/\",\"name\":\"Ecosens AG\",\"description\":\"\",\"publisher\":{\"@id\":\"https:\/\/www.ecosens.ch\/#organization\"},\"potentialAction\":[{\"@type\":\"SearchAction\",\"target\":{\"@type\":\"EntryPoint\",\"urlTemplate\":\"https:\/\/www.ecosens.ch\/?s={search_term_string}\"},\"query-input\":{\"@type\":\"PropertyValueSpecification\",\"valueRequired\":true,\"valueName\":\"search_term_string\"}}],\"inLanguage\":\"fr-FR\"},{\"@type\":\"Organization\",\"@id\":\"https:\/\/www.ecosens.ch\/#organization\",\"name\":\"Ecosens AG\",\"url\":\"https:\/\/www.ecosens.ch\/\",\"logo\":{\"@type\":\"ImageObject\",\"inLanguage\":\"fr-FR\",\"@id\":\"https:\/\/www.ecosens.ch\/#\/schema\/logo\/image\/\",\"url\":\"https:\/\/www.ecosens.ch\/wp-content\/uploads\/2023\/01\/logo.svg\",\"contentUrl\":\"https:\/\/www.ecosens.ch\/wp-content\/uploads\/2023\/01\/logo.svg\",\"width\":226,\"height\":45,\"caption\":\"Ecosens AG\"},\"image\":{\"@id\":\"https:\/\/www.ecosens.ch\/#\/schema\/logo\/image\/\"}}]}<\/script>\n<!-- \/ Yoast SEO plugin. -->","yoast_head_json":{"title":"Mesure du radon \u00e0 l'\u00e9cole primaire de D\u00fcbendorf - Ecosens AG","description":"En 2019\/2020, des mesures de radon reconnues ont \u00e9t\u00e9 effectu\u00e9es par Ecosens AG dans tous les b\u00e2timents scolaires de la commune de D\u00fcbendorf. Dans deux b\u00e2timents scolaires, on a constat\u00e9 un d\u00e9passement de la valeur de r\u00e9f\u00e9rence l\u00e9gale de 300 Bq\/m3 pour les concentrations de radon dans les locaux o\u00f9 des personnes s\u00e9journent longtemps. Il \u00e9tait donc n\u00e9cessaire d'assainir ces locaux.  Des investigations d\u00e9taill\u00e9es ont ensuite \u00e9t\u00e9 men\u00e9es dans les b\u00e2timents concern\u00e9s afin d'examiner les voies d'entr\u00e9e possibles du radon et la propagation du gaz radon \u00e0 l'int\u00e9rieur des b\u00e2timents.  Des mesures de radon en temps r\u00e9el ont permis d'estimer la charge de radon pendant les p\u00e9riodes d'utilisation effectives.  Sur la base des analyses effectu\u00e9es, un concept d'assainissement ad\u00e9quat a ensuite pu \u00eatre \u00e9labor\u00e9 pour les deux b\u00e2timents scolaires. Apr\u00e8s l'ex\u00e9cution des mesures de protection contre le radon par des entreprises tierces, le succ\u00e8s de l'assainissement a pu \u00eatre prouv\u00e9 par Ecosens SA au moyen de mesures de contr\u00f4le.","robots":{"index":"index","follow":"follow","max-snippet":"max-snippet:-1","max-image-preview":"max-image-preview:large","max-video-preview":"max-video-preview:-1"},"canonical":"https:\/\/www.ecosens.ch\/fr\/reference\/ecole-primaire-de-duebendorf\/","og_locale":"fr_FR","og_type":"article","og_title":"Radonmessung Primarschule D\u00fcbendorf - Ecosens AG","og_description":"Im Jahr 2019\/2020 wurden in s\u00e4mtlichen Schulbauten der Gemeinde D\u00fcbendorf durch die Ecosens AG anerkannte Radonmessungen durchgef\u00fchrt. Dabei wurde in zwei Schulh\u00e4usern in R\u00e4umen mit l\u00e4ngerem Personenaufenthalt eine \u00dcberschreitung des gesetzlich vorgegebene Referenzwerts f\u00fcr Radonkonzentrationen von 300 Bq\/m3 festgestellt. Aus diesem Grund bestand f\u00fcr diese R\u00e4ume ein Sanierungsbedarf.  Mittels Detailabkl\u00e4rungen wurden anschliessend in den betroffenen Geb\u00e4uden m\u00f6gliche Radoneintrittspfade und die Ausbreitung von Radongas innerhalb der Geb\u00e4ude untersucht.  Anhand von zeitaufgel\u00f6sten Radonmessungen konnte zudem die Radonbelastung w\u00e4hrend den effektiven Nutzungszeiten abgesch\u00e4tzt werden.  Auf Basis der durchgef\u00fchrten Untersuchungen konnte im Anschluss f\u00fcr beide Schulh\u00e4user ein ad\u00e4quates Sanierungskonzept erarbeitet werden. Nach der Ausf\u00fchrung der Radonschutzmassnahme durch Drittfirmen, konnte der Sanierungserfolg durch die Ecosens AG mittel Kontrollmessungen nachgewiesen werden.","og_url":"https:\/\/www.ecosens.ch\/fr\/reference\/ecole-primaire-de-duebendorf\/","og_site_name":"Ecosens AG","article_modified_time":"2025-06-12T08:27:04+00:00","og_image":[{"width":405,"height":291,"url":"https:\/\/www.ecosens.ch\/wp-content\/uploads\/2023\/05\/Primarschule-Duebendorf-Radon-e2489ce0.jpg","type":"image\/jpeg"}],"twitter_card":"summary_large_image","schema":{"@context":"https:\/\/schema.org","@graph":[{"@type":"WebPage","@id":"https:\/\/www.ecosens.ch\/referenz\/primarschule-duebendorf\/","url":"https:\/\/www.ecosens.ch\/referenz\/primarschule-duebendorf\/","name":"Mesure du radon \u00e0 l'\u00e9cole primaire de D\u00fcbendorf - Ecosens AG","isPartOf":{"@id":"https:\/\/www.ecosens.ch\/#website"},"primaryImageOfPage":{"@id":"https:\/\/www.ecosens.ch\/referenz\/primarschule-duebendorf\/#primaryimage"},"image":{"@id":"https:\/\/www.ecosens.ch\/referenz\/primarschule-duebendorf\/#primaryimage"},"thumbnailUrl":"https:\/\/www.ecosens.ch\/wp-content\/uploads\/2023\/05\/Primarschule-Duebendorf-Radon-e2489ce0.jpg","datePublished":"2023-05-29T18:04:07+00:00","dateModified":"2025-06-12T08:27:04+00:00","description":"En 2019\/2020, des mesures de radon reconnues ont \u00e9t\u00e9 effectu\u00e9es par Ecosens AG dans tous les b\u00e2timents scolaires de la commune de D\u00fcbendorf. Dans deux b\u00e2timents scolaires, on a constat\u00e9 un d\u00e9passement de la valeur de r\u00e9f\u00e9rence l\u00e9gale de 300 Bq\/m3 pour les concentrations de radon dans les locaux o\u00f9 des personnes s\u00e9journent longtemps. Il \u00e9tait donc n\u00e9cessaire d'assainir ces locaux. Des investigations d\u00e9taill\u00e9es ont ensuite \u00e9t\u00e9 men\u00e9es dans les b\u00e2timents concern\u00e9s afin d'examiner les voies d'entr\u00e9e possibles du radon et la propagation du gaz radon \u00e0 l'int\u00e9rieur des b\u00e2timents. Des mesures de radon en temps r\u00e9el ont permis d'estimer la charge de radon pendant les p\u00e9riodes d'utilisation effectives. Sur la base des analyses effectu\u00e9es, un concept d'assainissement ad\u00e9quat a ensuite pu \u00eatre \u00e9labor\u00e9 pour les deux b\u00e2timents scolaires. Apr\u00e8s l'ex\u00e9cution des mesures de protection contre le radon par des entreprises tierces, le succ\u00e8s de l'assainissement a pu \u00eatre prouv\u00e9 par Ecosens SA au moyen de mesures de contr\u00f4le.","breadcrumb":{"@id":"https:\/\/www.ecosens.ch\/referenz\/primarschule-duebendorf\/#breadcrumb"},"inLanguage":"fr-FR","potentialAction":[{"@type":"ReadAction","target":["https:\/\/www.ecosens.ch\/referenz\/primarschule-duebendorf\/"]}]},{"@type":"ImageObject","inLanguage":"fr-FR","@id":"https:\/\/www.ecosens.ch\/referenz\/primarschule-duebendorf\/#primaryimage","url":"https:\/\/www.ecosens.ch\/wp-content\/uploads\/2023\/05\/Primarschule-Duebendorf-Radon-e2489ce0.jpg","contentUrl":"https:\/\/www.ecosens.ch\/wp-content\/uploads\/2023\/05\/Primarschule-Duebendorf-Radon-e2489ce0.jpg","width":405,"height":291},{"@type":"BreadcrumbList","@id":"https:\/\/www.ecosens.ch\/referenz\/primarschule-duebendorf\/#breadcrumb","itemListElement":[{"@type":"ListItem","position":1,"name":"Startseite","item":"https:\/\/www.ecosens.ch\/"},{"@type":"ListItem","position":2,"name":"Radonmessung Primarschule D\u00fcbendorf"}]},{"@type":"WebSite","@id":"https:\/\/www.ecosens.ch\/#website","url":"https:\/\/www.ecosens.ch\/","name":"Ecosens SA","description":"","publisher":{"@id":"https:\/\/www.ecosens.ch\/#organization"},"potentialAction":[{"@type":"SearchAction","target":{"@type":"EntryPoint","urlTemplate":"https:\/\/www.ecosens.ch\/?s={search_term_string}"},"query-input":{"@type":"PropertyValueSpecification","valueRequired":true,"valueName":"search_term_string"}}],"inLanguage":"fr-FR"},{"@type":"Organization","@id":"https:\/\/www.ecosens.ch\/#organization","name":"Ecosens SA","url":"https:\/\/www.ecosens.ch\/","logo":{"@type":"ImageObject","inLanguage":"fr-FR","@id":"https:\/\/www.ecosens.ch\/#\/schema\/logo\/image\/","url":"https:\/\/www.ecosens.ch\/wp-content\/uploads\/2023\/01\/logo.svg","contentUrl":"https:\/\/www.ecosens.ch\/wp-content\/uploads\/2023\/01\/logo.svg","width":226,"height":45,"caption":"Ecosens AG"},"image":{"@id":"https:\/\/www.ecosens.ch\/#\/schema\/logo\/image\/"}}]}},"_links":{"self":[{"href":"https:\/\/www.ecosens.ch\/fr\/wp-json\/wp\/v2\/referenz\/4948","targetHints":{"allow":["GET"]}}],"collection":[{"href":"https:\/\/www.ecosens.ch\/fr\/wp-json\/wp\/v2\/referenz"}],"about":[{"href":"https:\/\/www.ecosens.ch\/fr\/wp-json\/wp\/v2\/types\/referenz"}],"version-history":[{"count":8,"href":"https:\/\/www.ecosens.ch\/fr\/wp-json\/wp\/v2\/referenz\/4948\/revisions"}],"predecessor-version":[{"id":10812,"href":"https:\/\/www.ecosens.ch\/fr\/wp-json\/wp\/v2\/referenz\/4948\/revisions\/10812"}],"wp:featuredmedia":[{"embeddable":true,"href":"https:\/\/www.ecosens.ch\/fr\/wp-json\/wp\/v2\/media\/4950"}],"wp:attachment":[{"href":"https:\/\/www.ecosens.ch\/fr\/wp-json\/wp\/v2\/media?parent=4948"}],"wp:term":[{"taxonomy":"kategorie","embeddable":true,"href":"https:\/\/www.ecosens.ch\/fr\/wp-json\/wp\/v2\/kategorie?post=4948"}],"curies":[{"name":"wp","href":"https:\/\/api.w.org\/{rel}","templated":true}]}}