{"id":10412,"date":"2025-02-26T09:39:37","date_gmt":"2025-02-26T08:39:37","guid":{"rendered":"https:\/\/www.ecosens.ch\/?post_type=referenz&#038;p=10412"},"modified":"2025-06-11T15:52:11","modified_gmt":"2025-06-11T13:52:11","slug":"concept-de-protection-contre-le-radon-a-lecole-primaire-de-wilen","status":"publish","type":"referenz","link":"https:\/\/www.ecosens.ch\/fr\/reference\/concept-de-protection-contre-le-radon-a-lecole-primaire-de-wilen\/","title":{"rendered":"\u00c9cole primaire de Wilen"},"featured_media":10414,"template":"","kategorie":[69,77],"class_list":["post-10412","referenz","type-referenz","status-publish","has-post-thumbnail","hentry","kategorie-gebaeude","kategorie-raumluft-wohngifte-radon"],"acf":[],"yoast_head":"<!-- This site is optimized with the Yoast SEO plugin v26.8 - https:\/\/yoast.com\/product\/yoast-seo-wordpress\/ -->\n<title>Primarschule Wilen - Ecosens AG<\/title>\n<meta name=\"description\" content=\"In der Primarschule Wilen bei Wil wurde der gesetzliche Referenzwert f\u00fcr Radon von 300 Bq\/m\u00b3 in Aufenthaltsr\u00e4umen \u00fcberschritten. Um die Radonkonzentration wirksam zu reduzieren, wurde eine Unterboden-Absaugung unter der Bodenplatte der erdber\u00fchrenden Schulr\u00e4umen installiert. Die L\u00fcftung sorgt zudem f\u00fcr eine Entl\u00fcftung des Kellers. Diese Massnahme sorgt f\u00fcr eine nachhaltige Senkung der Radonkonzentrationen und die Einhaltung der gesetzlichen Vorgaben sowie einer Verbesserung des Raumklimas im Keller. Die Ecosens AG unterst\u00fctzte die Geb\u00e4udeeigent\u00fcmerin und die beteiligten Unternehmen bei der Umsetzung und f\u00fchrte die Kontrollmessungen durch.\" \/>\n<meta name=\"robots\" content=\"index, follow, max-snippet:-1, max-image-preview:large, max-video-preview:-1\" \/>\n<link rel=\"canonical\" href=\"https:\/\/www.ecosens.ch\/fr\/reference\/concept-de-protection-contre-le-radon-a-lecole-primaire-de-wilen\/\" \/>\n<meta property=\"og:locale\" content=\"fr_FR\" \/>\n<meta property=\"og:type\" content=\"article\" \/>\n<meta property=\"og:title\" content=\"Primarschule Wilen - Ecosens AG\" \/>\n<meta property=\"og:description\" content=\"In der Primarschule Wilen bei Wil wurde der gesetzliche Referenzwert f\u00fcr Radon von 300 Bq\/m\u00b3 in Aufenthaltsr\u00e4umen \u00fcberschritten. Um die Radonkonzentration wirksam zu reduzieren, wurde eine Unterboden-Absaugung unter der Bodenplatte der erdber\u00fchrenden Schulr\u00e4umen installiert. Die L\u00fcftung sorgt zudem f\u00fcr eine Entl\u00fcftung des Kellers. Diese Massnahme sorgt f\u00fcr eine nachhaltige Senkung der Radonkonzentrationen und die Einhaltung der gesetzlichen Vorgaben sowie einer Verbesserung des Raumklimas im Keller. Die Ecosens AG unterst\u00fctzte die Geb\u00e4udeeigent\u00fcmerin und die beteiligten Unternehmen bei der Umsetzung und f\u00fchrte die Kontrollmessungen durch.\" \/>\n<meta property=\"og:url\" content=\"https:\/\/www.ecosens.ch\/fr\/reference\/concept-de-protection-contre-le-radon-a-lecole-primaire-de-wilen\/\" \/>\n<meta property=\"og:site_name\" content=\"Ecosens AG\" \/>\n<meta property=\"article:modified_time\" content=\"2025-06-11T13:52:11+00:00\" \/>\n<meta property=\"og:image\" content=\"https:\/\/www.ecosens.ch\/wp-content\/uploads\/2025\/02\/11069_041.jpg\" \/>\n\t<meta property=\"og:image:width\" content=\"2600\" \/>\n\t<meta property=\"og:image:height\" content=\"1950\" \/>\n\t<meta property=\"og:image:type\" content=\"image\/jpeg\" \/>\n<meta name=\"twitter:card\" content=\"summary_large_image\" \/>\n<script type=\"application\/ld+json\" class=\"yoast-schema-graph\">{\"@context\":\"https:\/\/schema.org\",\"@graph\":[{\"@type\":\"WebPage\",\"@id\":\"https:\/\/www.ecosens.ch\/referenz\/radonschutzkonzept-primarschule-wilen\/\",\"url\":\"https:\/\/www.ecosens.ch\/referenz\/radonschutzkonzept-primarschule-wilen\/\",\"name\":\"Primarschule Wilen - Ecosens AG\",\"isPartOf\":{\"@id\":\"https:\/\/www.ecosens.ch\/#website\"},\"primaryImageOfPage\":{\"@id\":\"https:\/\/www.ecosens.ch\/referenz\/radonschutzkonzept-primarschule-wilen\/#primaryimage\"},\"image\":{\"@id\":\"https:\/\/www.ecosens.ch\/referenz\/radonschutzkonzept-primarschule-wilen\/#primaryimage\"},\"thumbnailUrl\":\"https:\/\/www.ecosens.ch\/wp-content\/uploads\/2025\/02\/11069_041.jpg\",\"datePublished\":\"2025-02-26T08:39:37+00:00\",\"dateModified\":\"2025-06-11T13:52:11+00:00\",\"description\":\"In der Primarschule Wilen bei Wil wurde der gesetzliche Referenzwert f\u00fcr Radon von 300 Bq\/m\u00b3 in Aufenthaltsr\u00e4umen \u00fcberschritten. Um die Radonkonzentration wirksam zu reduzieren, wurde eine Unterboden-Absaugung unter der Bodenplatte der erdber\u00fchrenden Schulr\u00e4umen installiert. Die L\u00fcftung sorgt zudem f\u00fcr eine Entl\u00fcftung des Kellers. Diese Massnahme sorgt f\u00fcr eine nachhaltige Senkung der Radonkonzentrationen und die Einhaltung der gesetzlichen Vorgaben sowie einer Verbesserung des Raumklimas im Keller. Die Ecosens AG unterst\u00fctzte die Geb\u00e4udeeigent\u00fcmerin und die beteiligten Unternehmen bei der Umsetzung und f\u00fchrte die Kontrollmessungen durch.\",\"breadcrumb\":{\"@id\":\"https:\/\/www.ecosens.ch\/referenz\/radonschutzkonzept-primarschule-wilen\/#breadcrumb\"},\"inLanguage\":\"fr-FR\",\"potentialAction\":[{\"@type\":\"ReadAction\",\"target\":[\"https:\/\/www.ecosens.ch\/referenz\/radonschutzkonzept-primarschule-wilen\/\"]}]},{\"@type\":\"ImageObject\",\"inLanguage\":\"fr-FR\",\"@id\":\"https:\/\/www.ecosens.ch\/referenz\/radonschutzkonzept-primarschule-wilen\/#primaryimage\",\"url\":\"https:\/\/www.ecosens.ch\/wp-content\/uploads\/2025\/02\/11069_041.jpg\",\"contentUrl\":\"https:\/\/www.ecosens.ch\/wp-content\/uploads\/2025\/02\/11069_041.jpg\",\"width\":2600,\"height\":1950},{\"@type\":\"BreadcrumbList\",\"@id\":\"https:\/\/www.ecosens.ch\/referenz\/radonschutzkonzept-primarschule-wilen\/#breadcrumb\",\"itemListElement\":[{\"@type\":\"ListItem\",\"position\":1,\"name\":\"Startseite\",\"item\":\"https:\/\/www.ecosens.ch\/\"},{\"@type\":\"ListItem\",\"position\":2,\"name\":\"Primarschule Wilen\"}]},{\"@type\":\"WebSite\",\"@id\":\"https:\/\/www.ecosens.ch\/#website\",\"url\":\"https:\/\/www.ecosens.ch\/\",\"name\":\"Ecosens AG\",\"description\":\"\",\"publisher\":{\"@id\":\"https:\/\/www.ecosens.ch\/#organization\"},\"potentialAction\":[{\"@type\":\"SearchAction\",\"target\":{\"@type\":\"EntryPoint\",\"urlTemplate\":\"https:\/\/www.ecosens.ch\/?s={search_term_string}\"},\"query-input\":{\"@type\":\"PropertyValueSpecification\",\"valueRequired\":true,\"valueName\":\"search_term_string\"}}],\"inLanguage\":\"fr-FR\"},{\"@type\":\"Organization\",\"@id\":\"https:\/\/www.ecosens.ch\/#organization\",\"name\":\"Ecosens AG\",\"url\":\"https:\/\/www.ecosens.ch\/\",\"logo\":{\"@type\":\"ImageObject\",\"inLanguage\":\"fr-FR\",\"@id\":\"https:\/\/www.ecosens.ch\/#\/schema\/logo\/image\/\",\"url\":\"https:\/\/www.ecosens.ch\/wp-content\/uploads\/2023\/01\/logo.svg\",\"contentUrl\":\"https:\/\/www.ecosens.ch\/wp-content\/uploads\/2023\/01\/logo.svg\",\"width\":226,\"height\":45,\"caption\":\"Ecosens AG\"},\"image\":{\"@id\":\"https:\/\/www.ecosens.ch\/#\/schema\/logo\/image\/\"}}]}<\/script>\n<!-- \/ Yoast SEO plugin. -->","yoast_head_json":{"title":"\u00c9cole primaire de Wilen - Ecosens AG","description":"Dans l'\u00e9cole primaire de Wilen bei Wil, la valeur de r\u00e9f\u00e9rence l\u00e9gale pour le radon de 300 Bq\/m\u00b3 a \u00e9t\u00e9 d\u00e9pass\u00e9e dans les locaux de s\u00e9jour. Afin de r\u00e9duire efficacement la concentration de radon, une aspiration souterraine a \u00e9t\u00e9 install\u00e9e sous la dalle de sol des locaux scolaires en contact avec le sol. La ventilation assure en outre l'\u00e9vacuation de l'air du sous-sol. Cette mesure assure une r\u00e9duction durable des concentrations de radon et le respect des exigences l\u00e9gales ainsi qu'une am\u00e9lioration du climat int\u00e9rieur dans la cave. Ecosens SA a soutenu le propri\u00e9taire du b\u00e2timent et les entreprises impliqu\u00e9es dans la mise en \u0153uvre et a effectu\u00e9 les mesures de contr\u00f4le.","robots":{"index":"index","follow":"follow","max-snippet":"max-snippet:-1","max-image-preview":"max-image-preview:large","max-video-preview":"max-video-preview:-1"},"canonical":"https:\/\/www.ecosens.ch\/fr\/reference\/concept-de-protection-contre-le-radon-a-lecole-primaire-de-wilen\/","og_locale":"fr_FR","og_type":"article","og_title":"Primarschule Wilen - Ecosens AG","og_description":"In der Primarschule Wilen bei Wil wurde der gesetzliche Referenzwert f\u00fcr Radon von 300 Bq\/m\u00b3 in Aufenthaltsr\u00e4umen \u00fcberschritten. Um die Radonkonzentration wirksam zu reduzieren, wurde eine Unterboden-Absaugung unter der Bodenplatte der erdber\u00fchrenden Schulr\u00e4umen installiert. Die L\u00fcftung sorgt zudem f\u00fcr eine Entl\u00fcftung des Kellers. Diese Massnahme sorgt f\u00fcr eine nachhaltige Senkung der Radonkonzentrationen und die Einhaltung der gesetzlichen Vorgaben sowie einer Verbesserung des Raumklimas im Keller. Die Ecosens AG unterst\u00fctzte die Geb\u00e4udeeigent\u00fcmerin und die beteiligten Unternehmen bei der Umsetzung und f\u00fchrte die Kontrollmessungen durch.","og_url":"https:\/\/www.ecosens.ch\/fr\/reference\/concept-de-protection-contre-le-radon-a-lecole-primaire-de-wilen\/","og_site_name":"Ecosens AG","article_modified_time":"2025-06-11T13:52:11+00:00","og_image":[{"width":2600,"height":1950,"url":"https:\/\/www.ecosens.ch\/wp-content\/uploads\/2025\/02\/11069_041.jpg","type":"image\/jpeg"}],"twitter_card":"summary_large_image","schema":{"@context":"https:\/\/schema.org","@graph":[{"@type":"WebPage","@id":"https:\/\/www.ecosens.ch\/referenz\/radonschutzkonzept-primarschule-wilen\/","url":"https:\/\/www.ecosens.ch\/referenz\/radonschutzkonzept-primarschule-wilen\/","name":"\u00c9cole primaire de Wilen - Ecosens AG","isPartOf":{"@id":"https:\/\/www.ecosens.ch\/#website"},"primaryImageOfPage":{"@id":"https:\/\/www.ecosens.ch\/referenz\/radonschutzkonzept-primarschule-wilen\/#primaryimage"},"image":{"@id":"https:\/\/www.ecosens.ch\/referenz\/radonschutzkonzept-primarschule-wilen\/#primaryimage"},"thumbnailUrl":"https:\/\/www.ecosens.ch\/wp-content\/uploads\/2025\/02\/11069_041.jpg","datePublished":"2025-02-26T08:39:37+00:00","dateModified":"2025-06-11T13:52:11+00:00","description":"Dans l'\u00e9cole primaire de Wilen bei Wil, la valeur de r\u00e9f\u00e9rence l\u00e9gale pour le radon de 300 Bq\/m\u00b3 a \u00e9t\u00e9 d\u00e9pass\u00e9e dans les locaux de s\u00e9jour. Afin de r\u00e9duire efficacement la concentration de radon, une aspiration souterraine a \u00e9t\u00e9 install\u00e9e sous la dalle de sol des locaux scolaires en contact avec le sol. La ventilation assure en outre l'\u00e9vacuation de l'air du sous-sol. Cette mesure assure une r\u00e9duction durable des concentrations de radon et le respect des exigences l\u00e9gales ainsi qu'une am\u00e9lioration du climat int\u00e9rieur dans la cave. Ecosens SA a soutenu le propri\u00e9taire du b\u00e2timent et les entreprises impliqu\u00e9es dans la mise en \u0153uvre et a effectu\u00e9 les mesures de contr\u00f4le.","breadcrumb":{"@id":"https:\/\/www.ecosens.ch\/referenz\/radonschutzkonzept-primarschule-wilen\/#breadcrumb"},"inLanguage":"fr-FR","potentialAction":[{"@type":"ReadAction","target":["https:\/\/www.ecosens.ch\/referenz\/radonschutzkonzept-primarschule-wilen\/"]}]},{"@type":"ImageObject","inLanguage":"fr-FR","@id":"https:\/\/www.ecosens.ch\/referenz\/radonschutzkonzept-primarschule-wilen\/#primaryimage","url":"https:\/\/www.ecosens.ch\/wp-content\/uploads\/2025\/02\/11069_041.jpg","contentUrl":"https:\/\/www.ecosens.ch\/wp-content\/uploads\/2025\/02\/11069_041.jpg","width":2600,"height":1950},{"@type":"BreadcrumbList","@id":"https:\/\/www.ecosens.ch\/referenz\/radonschutzkonzept-primarschule-wilen\/#breadcrumb","itemListElement":[{"@type":"ListItem","position":1,"name":"Startseite","item":"https:\/\/www.ecosens.ch\/"},{"@type":"ListItem","position":2,"name":"Primarschule Wilen"}]},{"@type":"WebSite","@id":"https:\/\/www.ecosens.ch\/#website","url":"https:\/\/www.ecosens.ch\/","name":"Ecosens SA","description":"","publisher":{"@id":"https:\/\/www.ecosens.ch\/#organization"},"potentialAction":[{"@type":"SearchAction","target":{"@type":"EntryPoint","urlTemplate":"https:\/\/www.ecosens.ch\/?s={search_term_string}"},"query-input":{"@type":"PropertyValueSpecification","valueRequired":true,"valueName":"search_term_string"}}],"inLanguage":"fr-FR"},{"@type":"Organization","@id":"https:\/\/www.ecosens.ch\/#organization","name":"Ecosens SA","url":"https:\/\/www.ecosens.ch\/","logo":{"@type":"ImageObject","inLanguage":"fr-FR","@id":"https:\/\/www.ecosens.ch\/#\/schema\/logo\/image\/","url":"https:\/\/www.ecosens.ch\/wp-content\/uploads\/2023\/01\/logo.svg","contentUrl":"https:\/\/www.ecosens.ch\/wp-content\/uploads\/2023\/01\/logo.svg","width":226,"height":45,"caption":"Ecosens AG"},"image":{"@id":"https:\/\/www.ecosens.ch\/#\/schema\/logo\/image\/"}}]}},"_links":{"self":[{"href":"https:\/\/www.ecosens.ch\/fr\/wp-json\/wp\/v2\/referenz\/10412","targetHints":{"allow":["GET"]}}],"collection":[{"href":"https:\/\/www.ecosens.ch\/fr\/wp-json\/wp\/v2\/referenz"}],"about":[{"href":"https:\/\/www.ecosens.ch\/fr\/wp-json\/wp\/v2\/types\/referenz"}],"version-history":[{"count":8,"href":"https:\/\/www.ecosens.ch\/fr\/wp-json\/wp\/v2\/referenz\/10412\/revisions"}],"predecessor-version":[{"id":10791,"href":"https:\/\/www.ecosens.ch\/fr\/wp-json\/wp\/v2\/referenz\/10412\/revisions\/10791"}],"wp:featuredmedia":[{"embeddable":true,"href":"https:\/\/www.ecosens.ch\/fr\/wp-json\/wp\/v2\/media\/10414"}],"wp:attachment":[{"href":"https:\/\/www.ecosens.ch\/fr\/wp-json\/wp\/v2\/media?parent=10412"}],"wp:term":[{"taxonomy":"kategorie","embeddable":true,"href":"https:\/\/www.ecosens.ch\/fr\/wp-json\/wp\/v2\/kategorie?post=10412"}],"curies":[{"name":"wp","href":"https:\/\/api.w.org\/{rel}","templated":true}]}}