{"id":2000,"date":"2023-06-26T10:23:59","date_gmt":"2023-06-26T08:23:59","guid":{"rendered":"https:\/\/ecosens.aretis-staging.ch\/?page_id=2000"},"modified":"2024-04-25T14:19:12","modified_gmt":"2024-04-25T12:19:12","slug":"protection-des-donnees","status":"publish","type":"page","link":"https:\/\/www.ecosens.ch\/fr\/protection-des-donnees\/","title":{"rendered":"Protection des donn\u00e9es"},"content":{"rendered":"<div data-elementor-type=\"wp-page\" data-elementor-id=\"2000\" class=\"elementor elementor-2000\" data-elementor-post-type=\"page\">\n\t\t\t\t\t\t<section class=\"elementor-section elementor-top-section elementor-element elementor-element-92718b3 elementor-section-boxed elementor-section-height-default elementor-section-height-default\" data-id=\"92718b3\" data-element_type=\"section\" data-settings=\"{&quot;background_background&quot;:&quot;classic&quot;}\">\n\t\t\t\t\t\t\t<div class=\"elementor-background-overlay\"><\/div>\n\t\t\t\t\t\t\t<div class=\"elementor-container elementor-column-gap-default\">\n\t\t\t\t\t<div class=\"elementor-column elementor-col-100 elementor-top-column elementor-element elementor-element-27a4b3d elementor-invisible\" data-id=\"27a4b3d\" data-element_type=\"column\" data-settings=\"{&quot;animation&quot;:&quot;fadeInDown&quot;}\">\n\t\t\t<div class=\"elementor-widget-wrap elementor-element-populated\">\n\t\t\t\t\t\t<div class=\"elementor-element elementor-element-6bf43ac elementor-widget elementor-widget-heading\" data-id=\"6bf43ac\" data-element_type=\"widget\" data-widget_type=\"heading.default\">\n\t\t\t\t<div class=\"elementor-widget-container\">\n\t\t\t\t\t<h1 class=\"elementor-heading-title elementor-size-default\">\u00c9tude d'impact sur l'environnement<\/h1>\t\t\t\t<\/div>\n\t\t\t\t<\/div>\n\t\t\t\t<div class=\"elementor-element elementor-element-352b956 elementor-widget elementor-widget-heading\" data-id=\"352b956\" data-element_type=\"widget\" data-widget_type=\"heading.default\">\n\t\t\t\t<div class=\"elementor-widget-container\">\n\t\t\t\t\t<h4 class=\"elementor-heading-title elementor-size-default\"> Construire en harmonie avec l'\u00e9conomie et l'\u00e9cologie<\/h4>\t\t\t\t<\/div>\n\t\t\t\t<\/div>\n\t\t\t\t<div class=\"elementor-element elementor-element-2ca3133 elementor-widget-divider--view-line elementor-widget elementor-widget-divider\" data-id=\"2ca3133\" data-element_type=\"widget\" data-widget_type=\"divider.default\">\n\t\t\t\t<div class=\"elementor-widget-container\">\n\t\t\t\t\t\t\t<div class=\"elementor-divider\">\n\t\t\t<span class=\"elementor-divider-separator\">\n\t\t\t\t\t\t<\/span>\n\t\t<\/div>\n\t\t\t\t\t\t<\/div>\n\t\t\t\t<\/div>\n\t\t\t\t\t<\/div>\n\t\t<\/div>\n\t\t\t\t\t<\/div>\n\t\t<\/section>\n\t\t\t\t<section class=\"elementor-section elementor-top-section elementor-element elementor-element-7e280d53 elementor-section-boxed elementor-section-height-default elementor-section-height-default\" data-id=\"7e280d53\" data-element_type=\"section\" data-settings=\"{&quot;background_background&quot;:&quot;classic&quot;}\">\n\t\t\t\t\t\t<div class=\"elementor-container elementor-column-gap-default\">\n\t\t\t\t\t<div class=\"elementor-column elementor-col-100 elementor-top-column elementor-element elementor-element-1b0518b6\" data-id=\"1b0518b6\" data-element_type=\"column\">\n\t\t\t<div class=\"elementor-widget-wrap elementor-element-populated\">\n\t\t\t\t\t\t<section class=\"elementor-section elementor-inner-section elementor-element elementor-element-38f71dfb elementor-section-boxed elementor-section-height-default elementor-section-height-default\" data-id=\"38f71dfb\" data-element_type=\"section\">\n\t\t\t\t\t\t<div class=\"elementor-container elementor-column-gap-default\">\n\t\t\t\t\t<div class=\"elementor-column elementor-col-50 elementor-inner-column elementor-element elementor-element-3e64bde2\" data-id=\"3e64bde2\" data-element_type=\"column\">\n\t\t\t<div class=\"elementor-widget-wrap elementor-element-populated\">\n\t\t\t\t\t\t<div class=\"elementor-element elementor-element-13d199da elementor-widget elementor-widget-text-editor\" data-id=\"13d199da\" data-element_type=\"widget\" data-widget_type=\"text-editor.default\">\n\t\t\t\t<div class=\"elementor-widget-container\">\n\t\t\t\t\t\t\t\t\t<p>Par la pr\u00e9sente d\u00e9claration de protection des donn\u00e9es, nous informons sur les donn\u00e9es personnelles que nous traitons dans le cadre de nos activit\u00e9s, y compris sur notre site Internet ecosens.ch. Nous vous informons en particulier de l'objet, de la mani\u00e8re et du lieu du traitement des donn\u00e9es personnelles. Nous vous informons \u00e9galement des droits des personnes dont nous traitons les donn\u00e9es. D'autres d\u00e9clarations de protection des donn\u00e9es ainsi que d'autres documents juridiques tels que les conditions g\u00e9n\u00e9rales de vente (CGV), les conditions d'utilisation ou les conditions de participation peuvent s'appliquer \u00e0 certaines activit\u00e9s et activit\u00e9s suppl\u00e9mentaires.<\/p><h4>1. adresses de contact<strong><br \/><\/strong><\/h4><p>Responsabilit\u00e9 du traitement des donn\u00e9es personnelles :<\/p><p>Ecosens SA<br \/>Hammerweg 1<br \/>8304 Wallisellen<br \/>ecosens@ecosens.ch<\/p><p>Nous attirons votre attention sur le fait que, dans certains cas, il existe d'autres responsables du traitement des donn\u00e9es personnelles.<\/p><p><strong>D\u00e9l\u00e9gu\u00e9 \u00e0 la protection des donn\u00e9es<br \/><\/strong><br \/>Nous disposons du responsable de la protection des donn\u00e9es suivant, qui est le point de contact pour les questions relatives \u00e0 notre traitement des donn\u00e9es personnelles ou \u00e0 d'autres questions relevant de la protection des donn\u00e9es :<\/p><p>Lorenz Lehmann<br \/>Hammerweg 1<br \/>8304 Wallisellen<br \/>llehmann@ecosens.ch<\/p><h4>2. notions et bases juridiques<\/h4><p>a. Termes<br \/><span style=\"background-color: var( --e-global-color-cccc4ad ); color: var( --e-global-color-primary ); font-family: var( --e-global-typography-text-font-family ), Sans-serif; font-size: var( --e-global-typography-text-font-size ); font-style: var( --e-global-typography-text-font-style ); font-weight: var( --e-global-typography-text-font-weight ); text-transform: var( --e-global-typography-text-text-transform );\">Les donn\u00e9es personnelles sont toutes les informations qui se rapportent \u00e0 une personne identifi\u00e9e ou identifiable.\u00a0<\/span><span style=\"color: var( --e-global-color-primary ); background-color: var( --e-global-color-cccc4ad ); font-family: var( --e-global-typography-text-font-family ), Sans-serif; font-size: var( --e-global-typography-text-font-size ); font-style: var( --e-global-typography-text-font-style ); font-weight: var( --e-global-typography-text-font-weight ); text-transform: var( --e-global-typography-text-text-transform );\">se r\u00e9f\u00e8rent. Une personne concern\u00e9e est une personne au sujet de laquelle des donn\u00e9es personnelles sont trait\u00e9es.<\/span><\/p><p>Le traitement comprend toute manipulation de donn\u00e9es personnelles, quels que soient les moyens et proc\u00e9d\u00e9s utilis\u00e9s, notamment la conservation, la communication, la collecte, l'enregistrement, l'effacement, la conservation, la modification, la destruction et l'utilisation de donn\u00e9es personnelles.<\/p><p>b. Bases juridiques<br \/>Nous traitons les donn\u00e9es personnelles conform\u00e9ment \u00e0 la l\u00e9gislation suisse en mati\u00e8re de protection des donn\u00e9es, notamment la loi f\u00e9d\u00e9rale sur la protection des donn\u00e9es (LPD) et l'ordonnance relative \u00e0 la loi f\u00e9d\u00e9rale sur la protection des donn\u00e9es (OLPD).<\/p><h4>3. nature, port\u00e9e et objectif<\/h4><p>Nous traitons les donn\u00e9es personnelles qui sont n\u00e9cessaires pour fournir, documenter, facturer et am\u00e9liorer nos services. Dans le cadre de nos relations contractuelles, nous traitons les donn\u00e9es personnelles suivantes : Donn\u00e9es de base et de contact, donn\u00e9es de mandat, donn\u00e9es de navigateur et d'appareil, donn\u00e9es de contenu, m\u00e9tadonn\u00e9es ou donn\u00e9es marginales et donn\u00e9es d'utilisation, donn\u00e9es de localisation, donn\u00e9es de vente ainsi que donn\u00e9es de prestation et de facturation. En outre, nous collectons et traitons des donn\u00e9es personnelles sur les clients et les clients potentiels, les personnes li\u00e9es, les contreparties, les tiers et les autres personnes ainsi que leurs repr\u00e9sentants. Nous recevons les donn\u00e9es directement de vous, de nos clients, d'autres personnes impliqu\u00e9es et de leurs repr\u00e9sentants et employ\u00e9s respectifs. Nous pouvons \u00e9galement recevoir ou obtenir des informations personnelles de la part de tiers tels que des employeurs, d'autres organisations avec lesquelles vous \u00eates en contact, des organismes de r\u00e9glementation, des organismes gouvernementaux, des tribunaux, d'autres cabinets d'avocats ou d'autres conseillers.<br \/>Lorsque des donn\u00e9es concernant d'autres personnes nous sont transmises, les personnes qui les transmettent sont tenues de garantir la protection des donn\u00e9es \u00e0 l'\u00e9gard de ces personnes et de veiller \u00e0 l'exactitude de ces donn\u00e9es personnelles. Nous traitons en outre les donn\u00e9es personnelles que nous recevons de tiers, que nous nous procurons aupr\u00e8s de sources accessibles au public ou que nous collectons dans le cadre de nos activit\u00e9s et de nos op\u00e9rations, dans la mesure o\u00f9 un tel traitement est autoris\u00e9 pour des raisons juridiques.\u00a0<\/p><p>Nous traitons les donn\u00e9es personnelles pendant la dur\u00e9e n\u00e9cessaire au(x) but(s) concern\u00e9(s) ou conform\u00e9ment \u00e0 la loi. Les donn\u00e9es personnelles dont le traitement n'est plus n\u00e9cessaire sont rendues anonymes ou supprim\u00e9es.<br \/>Nous ne transmettons pas de donn\u00e9es personnelles \u00e0 des tiers sans le consentement de la personne concern\u00e9e, sauf si cela est fait dans le cadre du traitement de la commande ou si cela est n\u00e9cessaire aux fins d\u00e9crites dans la pr\u00e9sente d\u00e9claration de protection des donn\u00e9es. Nous pouvons en outre transmettre des donn\u00e9es personnelles \u00e0 des personnes charg\u00e9es du traitement des donn\u00e9es ou traiter des donn\u00e9es personnelles en collaboration avec des tiers. Ces tiers sont notamment des fournisseurs sp\u00e9cialis\u00e9s, tels que des fournisseurs d'applications informatiques dont nous utilisons les services ou des services d'assistance et autres pour les finalit\u00e9s d\u00e9crites dans la pr\u00e9sente d\u00e9claration de protection des donn\u00e9es. Nous garantissons \u00e9galement la protection des donn\u00e9es aupr\u00e8s de tels tiers.\u00a0<br \/>Nous ne traitons les donn\u00e9es personnelles qu'avec le consentement de la personne concern\u00e9e, \u00e0 moins que le traitement ne soit autoris\u00e9 pour d'autres raisons juridiques. Le traitement sans consentement peut par exemple \u00eatre autoris\u00e9 pour l'ex\u00e9cution d'un contrat avec la personne concern\u00e9e et pour des mesures pr\u00e9contractuelles correspondantes, afin de pr\u00e9server nos int\u00e9r\u00eats l\u00e9gitimes pr\u00e9pond\u00e9rants, parce que le traitement est \u00e9vident au vu des circonstances ou apr\u00e8s information pr\u00e9alable.<\/p><h4>4. candidatures<\/h4><p>Nous traitons les donn\u00e9es personnelles des candidats dans la mesure o\u00f9 elles sont n\u00e9cessaires \u00e0 l'\u00e9valuation de leur aptitude \u00e0 occuper un emploi ou \u00e0 l'ex\u00e9cution ult\u00e9rieure d'un contrat de travail. Les donn\u00e9es personnelles n\u00e9cessaires r\u00e9sultent notamment des informations demand\u00e9es, par exemple dans le cadre d'une offre d'emploi. Nous traitons en outre les donn\u00e9es personnelles que les candidats communiquent ou publient volontairement, notamment dans le cadre de lettres de motivation, de CV et d'autres documents de candidature ainsi que de profils en ligne accessibles au public.<\/p><h4>5. donn\u00e9es personnelles \u00e0 l'\u00e9tranger<\/h4><p>Nous traitons en principe les donn\u00e9es personnelles en Suisse. Nous pouvons toutefois communiquer ou exporter des donn\u00e9es personnelles vers d'autres pays, notamment pour les y traiter ou les y faire traiter.<br \/>Nous pouvons communiquer des donn\u00e9es personnelles \u00e0 tous les \u00c9tats, pour autant que le droit local garantisse une protection des donn\u00e9es appropri\u00e9e, selon l'\u00e9valuation du Pr\u00e9pos\u00e9 f\u00e9d\u00e9ral \u00e0 la protection des donn\u00e9es et \u00e0 la transparence (PFPDT) ou selon la d\u00e9cision du Conseil f\u00e9d\u00e9ral suisse.<br \/>Nous pouvons communiquer des donn\u00e9es personnelles \u00e0 des \u00c9tats dont le droit ne garantit pas une protection ad\u00e9quate des donn\u00e9es, dans la mesure o\u00f9 une protection des donn\u00e9es appropri\u00e9e est assur\u00e9e pour d'autres raisons, par exemple par des accords contractuels correspondants, sur la base de clauses standard de protection des donn\u00e9es ou avec d'autres garanties appropri\u00e9es. Exceptionnellement, nous pouvons exporter des donn\u00e9es personnelles vers des \u00c9tats ne disposant pas d'une protection des donn\u00e9es ad\u00e9quate ou appropri\u00e9e si les conditions particuli\u00e8res de protection des donn\u00e9es sont remplies, par exemple le consentement explicite des personnes concern\u00e9es ou un lien direct avec la conclusion ou l'ex\u00e9cution d'un contrat.<\/p><h4>6) Droits des personnes concern\u00e9es<\/h4><p>Les personnes concern\u00e9es dont nous traitons les donn\u00e9es personnelles disposent des droits pr\u00e9vus par le droit suisse de la protection des donn\u00e9es. Il s'agit notamment des droits suivants : <br \/>- Droit d'acc\u00e8s : les personnes concern\u00e9es peuvent exiger de savoir si nous <br \/>donn\u00e9es personnelles les concernant et, si oui, de quelles donn\u00e9es personnelles il s'agit. <br \/>de l'information. Les personnes concern\u00e9es re\u00e7oivent \u00e9galement les informations n\u00e9cessaires, <br \/>pour faire valoir leurs droits en mati\u00e8re de protection des donn\u00e9es et assurer la transparence. <br \/>de la personne concern\u00e9e. Il s'agit des donn\u00e9es personnelles trait\u00e9es en tant que telles, mais aussi des donn\u00e9es relatives \u00e0 la sant\u00e9. <br \/>Les donn\u00e9es \u00e0 caract\u00e8re personnel doivent \u00eatre conserv\u00e9es pendant au moins trois ans. <br \/>d'une \u00e9ventuelle communication ou exportation de donn\u00e9es vers d'autres pays. <br \/>\u00c9tats et sur l'origine des donn\u00e9es personnelles.<br \/>- Droit de rectification et de limitation : les personnes concern\u00e9es peuvent <br \/>rectifier les donn\u00e9es personnelles inexactes, compl\u00e9ter les donn\u00e9es incompl\u00e8tes et <br \/>faire limiter le traitement de leurs donn\u00e9es.<br \/>- Droit d'effacement et d'opposition : les personnes concern\u00e9es peuvent demander l'effacement de leurs donn\u00e9es personnelles. <br \/>et s'opposer au traitement de leurs donn\u00e9es avec effet pour l'avenir. <br \/>s'opposer<br \/>- Droit \u00e0 l'\u00e9dition et \u00e0 la transmission des donn\u00e9es : Les personnes concern\u00e9es peuvent <br \/>la remise de donn\u00e9es personnelles ou le transfert de leurs donn\u00e9es \u00e0 une autre personne <br \/>responsable.<br \/>Dans la mesure o\u00f9 notre traitement repose sur le consentement, chaque personne concern\u00e9e a le droit de le faire valoir. <br \/>de r\u00e9voquer son consentement \u00e0 tout moment avec effet pour l'avenir.<br \/>Ils peuvent en outre exercer les autres droits pr\u00e9vus par la l\u00e9gislation suisse applicable. <br \/>loi sur la protection des donn\u00e9es. Pour l'exercice de tels droits, les <br \/>personnes concern\u00e9es \u00e0 l'adresse mentionn\u00e9e au point 1 ci-dessus. Nous les <br \/>traiter les demandes conform\u00e9ment \u00e0 la loi suisse applicable en mati\u00e8re de protection des donn\u00e9es <br \/>et peuvent les utiliser conform\u00e9ment aux dispositions l\u00e9gales ou en se r\u00e9f\u00e9rant \u00e0 des <br \/>secrets d'affaires, le secret professionnel de l'avocat ou la protection d'autres personnes \u00e9galement <br \/>refuser ou ne satisfaire que de mani\u00e8re limit\u00e9e.<\/p>\t\t\t\t\t\t\t\t<\/div>\n\t\t\t\t<\/div>\n\t\t\t\t\t<\/div>\n\t\t<\/div>\n\t\t\t\t<div class=\"elementor-column elementor-col-50 elementor-inner-column elementor-element elementor-element-6bac67e3\" data-id=\"6bac67e3\" data-element_type=\"column\">\n\t\t\t<div class=\"elementor-widget-wrap elementor-element-populated\">\n\t\t\t\t\t\t<div class=\"elementor-element elementor-element-7a83e1b elementor-widget elementor-widget-text-editor\" data-id=\"7a83e1b\" data-element_type=\"widget\" data-widget_type=\"text-editor.default\">\n\t\t\t\t<div class=\"elementor-widget-container\">\n\t\t\t\t\t\t\t\t\t<h4>Outils de suivi<\/h4><p>Sur notre site web, nous utilisons ce que l'on appelle des outils de suivi. Ces outils de suivi permettent d'observer votre comportement de navigation sur notre site web. Cette observation a lieu dans le but d'une conception adapt\u00e9e aux besoins et d'une optimisation continue de notre site web. Dans ce contexte, des profils d'utilisation pseudonymis\u00e9s sont cr\u00e9\u00e9s et de petits fichiers texte enregistr\u00e9s sur votre ordinateur (\"cookies\") sont utilis\u00e9s.<\/p><p><strong>a) Google Analytics<\/strong><\/p><p>Ce site web utilise Google Analytics, un service d'analyse web de Google Inc (\"Google\"). Google Analytics utilise des \"cookies\", des fichiers texte qui sont enregistr\u00e9s sur votre ordinateur et qui permettent d'analyser votre utilisation du site web. Les informations g\u00e9n\u00e9r\u00e9es par le cookie concernant votre utilisation du site web sont g\u00e9n\u00e9ralement transmises \u00e0 un serveur de Google aux \u00c9tats-Unis et y sont enregistr\u00e9es. L'adresse IP transmise par votre navigateur dans le cadre de Google Analytics n'est pas recoup\u00e9e avec d'autres donn\u00e9es de Google. Nous avons en outre ajout\u00e9 le code \"anonymizeIP\" \u00e0 Google Analytics sur ce site web. Cela garantit le masquage de votre adresse IP, de sorte que toutes les donn\u00e9es sont collect\u00e9es de mani\u00e8re anonyme. Ce n'est que dans des cas exceptionnels que l'adresse IP compl\u00e8te est transmise \u00e0 un serveur de Google aux \u00c9tats-Unis et y est raccourcie.<\/p><p>Google utilisera ces informations pour le compte de l'exploitant de ce site web afin d'\u00e9valuer votre utilisation du site web, de compiler des rapports sur l'activit\u00e9 du site web et de fournir \u00e0 l'exploitant du site web d'autres services li\u00e9s \u00e0 l'activit\u00e9 du site web et \u00e0 l'utilisation d'Internet. Vous pouvez emp\u00eacher l'enregistrement des cookies en param\u00e9trant votre logiciel de navigation en cons\u00e9quence ; nous attirons toutefois votre attention sur le fait que, dans ce cas, il est possible que vous ne puissiez pas utiliser toutes les fonctions de ce site web dans leur int\u00e9gralit\u00e9.<\/p><p>Vous pouvez en outre emp\u00eacher la saisie par Google des donn\u00e9es g\u00e9n\u00e9r\u00e9es par le cookie et se rapportant \u00e0 votre utilisation du site web (y compris votre adresse IP) ainsi que le traitement de ces donn\u00e9es par Google en t\u00e9l\u00e9chargeant et en installant le plug-in de navigateur disponible sous le lien suivant :<\/p><p><a href=\"http:\/\/tools.google.com\/dlpage\/gao-ptout?hl=de\">http:\/\/tools.google.com\/dlpage\/gao-ptout?hl=de<\/a>. Comme alternative au module compl\u00e9mentaire de navigateur, en particulier pour les navigateurs sur les terminaux mobiles, vous pouvez \u00e9galement emp\u00eacher la saisie par Google Analytics en cliquant sur <a>cliquer sur ce lien<\/a> ins\u00e9rer. Un cookie opt-out est alors install\u00e9, qui emp\u00eache la collecte future de vos donn\u00e9es lorsque vous visitez ce site web. Le cookie opt-out n'est valable que dans ce navigateur et uniquement pour notre site web et il est d\u00e9pos\u00e9 sur votre appareil. Si vous supprimez les cookies dans ce navigateur, vous devez \u00e0 nouveau d\u00e9finir le cookie opt-out. [Vous trouverez des indications sur l'int\u00e9gration du cookie opt-out sous : <a href=\"https:\/\/developers.google.com\/analytics\/devguides\/collection\/gajs\/?hl=de#disable\">https:\/\/developers.google.com\/analytics\/devguides\/collection\/gajs\/?hl=de#disable<\/a>.<\/p><p>Nous continuons \u00e0 utiliser Google Analytics pour \u00e9valuer les donn\u00e9es des cookies Double-Click et \u00e9galement Ad-Words \u00e0 des fins statistiques. Si vous ne le souhaitez pas, vous pouvez le faire via le gestionnaire de pr\u00e9f\u00e9rences pour les annonces (<a href=\"http:\/\/www.google.com\/settings\/ads\/on-web\/?hl=de\">http:\/\/www.google.com\/settings\/ads\/on-web\/?hl=de<\/a>).<\/p><p>Nous utilisons Google Analytics, y compris les fonctions d'Universal Analytics. Universal Analytics nous permet d'analyser l'activit\u00e9 de nos pages sur tous les appareils (par ex. en cas d'acc\u00e8s au moyen d'un ordinateur portable puis d'une tablette). Cela est possible gr\u00e2ce \u00e0 l'attribution pseudonyme d'un ID utilisateur \u00e0 un utilisateur. Une telle attribution a lieu par exemple lorsque vous vous enregistrez pour un compte client ou lorsque vous vous connectez \u00e0 votre compte client. Aucune donn\u00e9e personnelle n'est toutefois transmise \u00e0 Google. M\u00eame si Universal Analytics ajoute des fonctions suppl\u00e9mentaires \u00e0 Google Analytics, cela ne signifie pas qu'une restriction des mesures de protection des donn\u00e9es telles que l'IP masking ou le module compl\u00e9mentaire du navigateur est li\u00e9e.<\/p><p><strong>b) Google AdWords<\/strong><\/p><p>Suivi des conversions<br \/>Nous utilisons le programme de publicit\u00e9 en ligne \"Google AdWords\" et, dans le cadre de Google Ad-Words, le suivi des conversions. Le suivi des conversions de Google est un service d'analyse de Google Inc (1600 Amphitheatre Parkway, Mountain View, CA 94043, USA ; \"Google\"). Lorsque vous cliquez sur une annonce diffus\u00e9e par Google, un cookie pour le suivi des conversions est d\u00e9pos\u00e9 sur votre ordinateur. Ces cookies perdent leur validit\u00e9 apr\u00e8s 30 jours, ne contiennent pas de donn\u00e9es personnelles et ne servent donc pas \u00e0 l'identification personnelle. Si vous visitez certaines pages Internet de notre site et que le cookie n'a pas encore expir\u00e9, Google et nous pouvons reconna\u00eetre que vous avez cliqu\u00e9 sur l'annonce et que vous avez \u00e9t\u00e9 redirig\u00e9 vers cette page. Chaque client Google AdWords re\u00e7oit un cookie diff\u00e9rent. Il n'y a donc aucune possibilit\u00e9 de tracer les cookies via les sites web des clients AdWords.<\/p><p>Les informations recueillies \u00e0 l'aide du cookie de conversion servent \u00e0 \u00e9tablir des statistiques de conversion pour les clients AdWords qui ont opt\u00e9 pour le suivi des conversions. Les clients apprennent ainsi le nombre total d'utilisateurs qui ont cliqu\u00e9 sur leur annonce et ont \u00e9t\u00e9 redirig\u00e9s vers une page munie d'une balise de suivi des conversions. Ils ne re\u00e7oivent toutefois aucune information permettant d'identifier personnellement les utilisateurs.<\/p><p>Si vous ne souhaitez pas participer au tracking, vous pouvez vous opposer \u00e0 cette utilisation en emp\u00eachant l'installation des cookies par un r\u00e9glage correspondant de votre logiciel de navigation (possibilit\u00e9 de d\u00e9sactivation). Vous ne serez alors pas inclus dans les statistiques de suivi des conversions. Vous trouverez de plus amples informations ainsi que la d\u00e9claration de protection des donn\u00e9es de Google sous : <a href=\"http:\/\/www.google.com\/policies\/technologies\/ads\/\">http:\/\/www.google.com\/policies\/technologies\/ads\/<\/a> et <a href=\"http:\/\/www.google.de\/policies\/privacy\/\">http:\/\/www.google.de\/policies\/privacy\/<\/a>.<\/p><h4>Plug-ins de m\u00e9dias sociaux<\/h4><p>Les plugins sociaux d\u00e9crits ci-dessous sont utilis\u00e9s sur le site web. Les plugins sont d\u00e9sactiv\u00e9s par d\u00e9faut sur notre site web et n'envoient donc pas de donn\u00e9es. Vous pouvez activer les plugins en cliquant sur le bouton de m\u00e9dia social correspondant.<\/p><p>Si ces plugins sont activ\u00e9s, votre navigateur \u00e9tablit une connexion directe avec les serveurs du r\u00e9seau social concern\u00e9 d\u00e8s que vous consultez l'un de nos sites web. Le contenu du plugin est transmis directement par le r\u00e9seau social \u00e0 votre navigateur, qui l'int\u00e8gre dans le site web. Les plugins peuvent \u00eatre d\u00e9sactiv\u00e9s d'un simple clic.<\/p><p>Pour plus d'informations, veuillez consulter les d\u00e9clarations de confidentialit\u00e9 respectives de Facebook, Twitter et Google.<\/p><h4>Remarque sur les transferts de donn\u00e9es vers les \u00c9tats-Unis<\/h4><p>Par souci d'exhaustivit\u00e9, nous attirons l'attention des utilisateurs r\u00e9sidant ou domicili\u00e9s en Suisse sur le fait qu'il existe aux \u00c9tats-Unis des mesures de surveillance des autorit\u00e9s am\u00e9ricaines qui permettent, de mani\u00e8re g\u00e9n\u00e9rale, de stocker toutes les donn\u00e9es \u00e0 caract\u00e8re personnel de toutes les personnes dont les donn\u00e9es ont \u00e9t\u00e9 transmises de la Suisse vers les \u00c9tats-Unis. Cela se fait sans diff\u00e9renciation, limitation ou exception en fonction de l'objectif poursuivi et sans crit\u00e8re objectif permettant de restreindre l'acc\u00e8s des autorit\u00e9s am\u00e9ricaines aux donn\u00e9es et leur utilisation ult\u00e9rieure \u00e0 des fins bien pr\u00e9cises et strictement limit\u00e9es, susceptibles de justifier l'ing\u00e9rence li\u00e9e tant \u00e0 l'acc\u00e8s \u00e0 ces donn\u00e9es qu'\u00e0 leur utilisation. En outre, nous attirons l'attention sur le fait qu'aux \u00c9tats-Unis, les personnes concern\u00e9es de Suisse ne disposent d'aucun moyen juridique leur permettant d'acc\u00e9der aux donn\u00e9es les concernant et d'en obtenir la rectification ou la suppression, ou qu'il n'existe pas de protection juridique efficace contre les droits d'acc\u00e8s g\u00e9n\u00e9raux des autorit\u00e9s am\u00e9ricaines. Nous attirons explicitement l'attention de la personne concern\u00e9e sur cette situation juridique et factuelle afin qu'elle puisse prendre une d\u00e9cision \u00e9clair\u00e9e en cons\u00e9quence concernant le consentement \u00e0 l'utilisation de ses donn\u00e9es.<\/p><p>Nous attirons l'attention des utilisateurs r\u00e9sidant dans un \u00c9tat membre de l'UE sur le fait que les \u00c9tats-Unis ne disposent pas d'un niveau de protection des donn\u00e9es suffisant du point de vue de l'Union europ\u00e9enne.<\/p><h4>Droit d'acc\u00e8s, de rectification, d'effacement et de limitation du traitement ; droit \u00e0 la portabilit\u00e9 des donn\u00e9es<\/h4><p>Vous avez le droit de recevoir gratuitement, sur demande, des informations sur les donn\u00e9es personnelles que nous avons enregistr\u00e9es \u00e0 votre sujet. Vous avez en outre le droit de faire rectifier des donn\u00e9es inexactes et le droit de faire effacer vos donn\u00e9es personnelles, dans la mesure o\u00f9 aucune obligation l\u00e9gale de conservation ou aucun motif d'autorisation nous permettant de traiter les donn\u00e9es ne s'y oppose. Conform\u00e9ment aux articles 18 et 21 du RGPD, vous avez en outre le droit de demander une limitation du traitement des donn\u00e9es et de vous opposer au traitement des donn\u00e9es.<\/p><p>Vous avez en outre le droit de nous demander de vous restituer les donn\u00e9es que vous nous avez transmises. Sur demande, nous transmettons \u00e9galement les donn\u00e9es \u00e0 un tiers de votre choix. Vous avez le droit de recevoir les donn\u00e9es dans un format de fichier courant.<\/p><p>Vous pouvez nous contacter aux fins susmentionn\u00e9es via le <a href=\"mailto:ecosens@ecosens.ch\">ecosens@ecosens.ch<\/a> atteindre. Pour le traitement de vos demandes, nous pouvons, \u00e0 notre discr\u00e9tion, vous demander une preuve d'identit\u00e9.<br \/>Vous pouvez \u00e9galement nous indiquer ce qu'il adviendra de vos donn\u00e9es apr\u00e8s votre d\u00e9c\u00e8s en nous donnant des instructions \u00e0 cet effet.<\/p><h4>Conservation des donn\u00e9es<\/h4><p>Nous ne conservons les donn\u00e9es \u00e0 caract\u00e8re personnel que pendant la dur\u00e9e n\u00e9cessaire \u00e0 l'utilisation des services de suivi, de publicit\u00e9 et d'analyse susmentionn\u00e9s dans le cadre de notre int\u00e9r\u00eat l\u00e9gitime, \u00e0 l'ex\u00e9cution, dans la mesure susmentionn\u00e9e, des services que vous avez demand\u00e9s ou pour lesquels vous avez donn\u00e9 votre consentement, ainsi qu'au respect de nos obligations l\u00e9gales.<\/p><p>Nous conservons les donn\u00e9es contractuelles plus longtemps, car cela est prescrit par des obligations l\u00e9gales de conservation. Les obligations de conservation qui nous obligent \u00e0 conserver des donn\u00e9es d\u00e9coulent des dispositions relatives \u00e0 la comptabilit\u00e9 et au droit fiscal. Conform\u00e9ment \u00e0 ces prescriptions, les communications commerciales, les contrats conclus et les pi\u00e8ces comptables doivent \u00eatre conserv\u00e9s jusqu'\u00e0 10 ans ou, en ce qui concerne les utilisateurs r\u00e9sidant en France, jusqu'\u00e0 5 ans. Si nous n'avons plus besoin de ces donn\u00e9es pour vous fournir des services, elles seront bloqu\u00e9es. Cela signifie que les donn\u00e9es ne peuvent alors plus \u00eatre utilis\u00e9es qu'\u00e0 des fins de facturation et \u00e0 des fins fiscales.<\/p>\t\t\t\t\t\t\t\t<\/div>\n\t\t\t\t<\/div>\n\t\t\t\t\t<\/div>\n\t\t<\/div>\n\t\t\t\t\t<\/div>\n\t\t<\/section>\n\t\t\t\t\t<\/div>\n\t\t<\/div>\n\t\t\t\t\t<\/div>\n\t\t<\/section>\n\t\t\t\t<\/div>","protected":false},"excerpt":{"rendered":"<p>Etude d'impact sur l'environnement Construire en harmonie avec l'\u00e9conomie et l'\u00e9cologie Par la pr\u00e9sente d\u00e9claration de protection des donn\u00e9es, nous informons sur les donn\u00e9es personnelles que nous traitons dans le cadre de nos activit\u00e9s et de nos op\u00e9rations, y compris sur notre site ecosens.ch. Nous vous informons en particulier de l'objet, de la mani\u00e8re et du lieu du traitement des donn\u00e9es personnelles. Nous vous informons \u00e9galement des droits des personnes dont nous traitons les donn\u00e9es. Pour des informations individuelles ou suppl\u00e9mentaires [...].<\/p>","protected":false},"author":1,"featured_media":0,"parent":0,"menu_order":10,"comment_status":"closed","ping_status":"closed","template":"","meta":{"_acf_changed":false,"footnotes":""},"folder":[],"class_list":["post-2000","page","type-page","status-publish","hentry"],"acf":[],"yoast_head":"<!-- This site is optimized with the Yoast SEO plugin v26.8 - https:\/\/yoast.com\/product\/yoast-seo-wordpress\/ -->\n<title>Datenschutz - Ecosens AG<\/title>\n<meta name=\"robots\" content=\"index, follow, max-snippet:-1, max-image-preview:large, max-video-preview:-1\" \/>\n<link rel=\"canonical\" href=\"https:\/\/www.ecosens.ch\/fr\/protection-des-donnees\/\" \/>\n<meta property=\"og:locale\" content=\"fr_FR\" \/>\n<meta property=\"og:type\" content=\"article\" \/>\n<meta property=\"og:title\" content=\"Datenschutz - Ecosens AG\" \/>\n<meta property=\"og:description\" content=\"Umweltvertr\u00e4glichkeitspr\u00fcfung Bauen Sie im Einklang von \u00d6konomie und \u00d6kologie Mit dieser Datenschutzerkl\u00e4rung informieren wir, welche Personendaten wir im Zusammenhang mit unseren Aktivit\u00e4ten und T\u00e4tigkeiten einschliesslich unserer ecosens.ch-Website bearbeiten. Wir informieren insbesondere, wof\u00fcr, wie und wo wir welche Personendaten bearbeiten. Wir informieren ausserdem \u00fcber die Rechte von Personen, deren Daten wir bearbeiten. F\u00fcr einzelne oder zus\u00e4tzliche [&hellip;]\" \/>\n<meta property=\"og:url\" content=\"https:\/\/www.ecosens.ch\/fr\/protection-des-donnees\/\" \/>\n<meta property=\"og:site_name\" content=\"Ecosens AG\" \/>\n<meta property=\"article:modified_time\" content=\"2024-04-25T12:19:12+00:00\" \/>\n<meta name=\"twitter:card\" content=\"summary_large_image\" \/>\n<meta name=\"twitter:label1\" content=\"Dur\u00e9e de lecture estim\u00e9e\" \/>\n\t<meta name=\"twitter:data1\" content=\"13 minutes\" \/>\n<script type=\"application\/ld+json\" class=\"yoast-schema-graph\">{\"@context\":\"https:\/\/schema.org\",\"@graph\":[{\"@type\":\"WebPage\",\"@id\":\"https:\/\/www.ecosens.ch\/datenschutz\/\",\"url\":\"https:\/\/www.ecosens.ch\/datenschutz\/\",\"name\":\"Datenschutz - Ecosens AG\",\"isPartOf\":{\"@id\":\"https:\/\/www.ecosens.ch\/#website\"},\"datePublished\":\"2023-06-26T08:23:59+00:00\",\"dateModified\":\"2024-04-25T12:19:12+00:00\",\"breadcrumb\":{\"@id\":\"https:\/\/www.ecosens.ch\/datenschutz\/#breadcrumb\"},\"inLanguage\":\"fr-FR\",\"potentialAction\":[{\"@type\":\"ReadAction\",\"target\":[\"https:\/\/www.ecosens.ch\/datenschutz\/\"]}]},{\"@type\":\"BreadcrumbList\",\"@id\":\"https:\/\/www.ecosens.ch\/datenschutz\/#breadcrumb\",\"itemListElement\":[{\"@type\":\"ListItem\",\"position\":1,\"name\":\"Startseite\",\"item\":\"https:\/\/www.ecosens.ch\/\"},{\"@type\":\"ListItem\",\"position\":2,\"name\":\"Datenschutz\"}]},{\"@type\":\"WebSite\",\"@id\":\"https:\/\/www.ecosens.ch\/#website\",\"url\":\"https:\/\/www.ecosens.ch\/\",\"name\":\"Ecosens AG\",\"description\":\"\",\"publisher\":{\"@id\":\"https:\/\/www.ecosens.ch\/#organization\"},\"potentialAction\":[{\"@type\":\"SearchAction\",\"target\":{\"@type\":\"EntryPoint\",\"urlTemplate\":\"https:\/\/www.ecosens.ch\/?s={search_term_string}\"},\"query-input\":{\"@type\":\"PropertyValueSpecification\",\"valueRequired\":true,\"valueName\":\"search_term_string\"}}],\"inLanguage\":\"fr-FR\"},{\"@type\":\"Organization\",\"@id\":\"https:\/\/www.ecosens.ch\/#organization\",\"name\":\"Ecosens AG\",\"url\":\"https:\/\/www.ecosens.ch\/\",\"logo\":{\"@type\":\"ImageObject\",\"inLanguage\":\"fr-FR\",\"@id\":\"https:\/\/www.ecosens.ch\/#\/schema\/logo\/image\/\",\"url\":\"https:\/\/www.ecosens.ch\/wp-content\/uploads\/2023\/01\/logo.svg\",\"contentUrl\":\"https:\/\/www.ecosens.ch\/wp-content\/uploads\/2023\/01\/logo.svg\",\"width\":226,\"height\":45,\"caption\":\"Ecosens AG\"},\"image\":{\"@id\":\"https:\/\/www.ecosens.ch\/#\/schema\/logo\/image\/\"}}]}<\/script>\n<!-- \/ Yoast SEO plugin. -->","yoast_head_json":{"title":"Protection des donn\u00e9es - Ecosens AG","robots":{"index":"index","follow":"follow","max-snippet":"max-snippet:-1","max-image-preview":"max-image-preview:large","max-video-preview":"max-video-preview:-1"},"canonical":"https:\/\/www.ecosens.ch\/fr\/protection-des-donnees\/","og_locale":"fr_FR","og_type":"article","og_title":"Datenschutz - Ecosens AG","og_description":"Umweltvertr\u00e4glichkeitspr\u00fcfung Bauen Sie im Einklang von \u00d6konomie und \u00d6kologie Mit dieser Datenschutzerkl\u00e4rung informieren wir, welche Personendaten wir im Zusammenhang mit unseren Aktivit\u00e4ten und T\u00e4tigkeiten einschliesslich unserer ecosens.ch-Website bearbeiten. Wir informieren insbesondere, wof\u00fcr, wie und wo wir welche Personendaten bearbeiten. Wir informieren ausserdem \u00fcber die Rechte von Personen, deren Daten wir bearbeiten. F\u00fcr einzelne oder zus\u00e4tzliche [&hellip;]","og_url":"https:\/\/www.ecosens.ch\/fr\/protection-des-donnees\/","og_site_name":"Ecosens AG","article_modified_time":"2024-04-25T12:19:12+00:00","twitter_card":"summary_large_image","twitter_misc":{"Dur\u00e9e de lecture estim\u00e9e":"13 minutes"},"schema":{"@context":"https:\/\/schema.org","@graph":[{"@type":"WebPage","@id":"https:\/\/www.ecosens.ch\/datenschutz\/","url":"https:\/\/www.ecosens.ch\/datenschutz\/","name":"Protection des donn\u00e9es - Ecosens AG","isPartOf":{"@id":"https:\/\/www.ecosens.ch\/#website"},"datePublished":"2023-06-26T08:23:59+00:00","dateModified":"2024-04-25T12:19:12+00:00","breadcrumb":{"@id":"https:\/\/www.ecosens.ch\/datenschutz\/#breadcrumb"},"inLanguage":"fr-FR","potentialAction":[{"@type":"ReadAction","target":["https:\/\/www.ecosens.ch\/datenschutz\/"]}]},{"@type":"BreadcrumbList","@id":"https:\/\/www.ecosens.ch\/datenschutz\/#breadcrumb","itemListElement":[{"@type":"ListItem","position":1,"name":"Startseite","item":"https:\/\/www.ecosens.ch\/"},{"@type":"ListItem","position":2,"name":"Datenschutz"}]},{"@type":"WebSite","@id":"https:\/\/www.ecosens.ch\/#website","url":"https:\/\/www.ecosens.ch\/","name":"Ecosens SA","description":"","publisher":{"@id":"https:\/\/www.ecosens.ch\/#organization"},"potentialAction":[{"@type":"SearchAction","target":{"@type":"EntryPoint","urlTemplate":"https:\/\/www.ecosens.ch\/?s={search_term_string}"},"query-input":{"@type":"PropertyValueSpecification","valueRequired":true,"valueName":"search_term_string"}}],"inLanguage":"fr-FR"},{"@type":"Organization","@id":"https:\/\/www.ecosens.ch\/#organization","name":"Ecosens SA","url":"https:\/\/www.ecosens.ch\/","logo":{"@type":"ImageObject","inLanguage":"fr-FR","@id":"https:\/\/www.ecosens.ch\/#\/schema\/logo\/image\/","url":"https:\/\/www.ecosens.ch\/wp-content\/uploads\/2023\/01\/logo.svg","contentUrl":"https:\/\/www.ecosens.ch\/wp-content\/uploads\/2023\/01\/logo.svg","width":226,"height":45,"caption":"Ecosens AG"},"image":{"@id":"https:\/\/www.ecosens.ch\/#\/schema\/logo\/image\/"}}]}},"_links":{"self":[{"href":"https:\/\/www.ecosens.ch\/fr\/wp-json\/wp\/v2\/pages\/2000","targetHints":{"allow":["GET"]}}],"collection":[{"href":"https:\/\/www.ecosens.ch\/fr\/wp-json\/wp\/v2\/pages"}],"about":[{"href":"https:\/\/www.ecosens.ch\/fr\/wp-json\/wp\/v2\/types\/page"}],"author":[{"embeddable":true,"href":"https:\/\/www.ecosens.ch\/fr\/wp-json\/wp\/v2\/users\/1"}],"replies":[{"embeddable":true,"href":"https:\/\/www.ecosens.ch\/fr\/wp-json\/wp\/v2\/comments?post=2000"}],"version-history":[{"count":10,"href":"https:\/\/www.ecosens.ch\/fr\/wp-json\/wp\/v2\/pages\/2000\/revisions"}],"predecessor-version":[{"id":9295,"href":"https:\/\/www.ecosens.ch\/fr\/wp-json\/wp\/v2\/pages\/2000\/revisions\/9295"}],"wp:attachment":[{"href":"https:\/\/www.ecosens.ch\/fr\/wp-json\/wp\/v2\/media?parent=2000"}],"wp:term":[{"taxonomy":"folder","embeddable":true,"href":"https:\/\/www.ecosens.ch\/fr\/wp-json\/wp\/v2\/folder?post=2000"}],"curies":[{"name":"wp","href":"https:\/\/api.w.org\/{rel}","templated":true}]}}