{"id":4889,"date":"2023-05-29T19:38:33","date_gmt":"2023-05-29T17:38:33","guid":{"rendered":"https:\/\/ecosens.aretis-staging.ch\/ansprechpartner\/michael-rueffer-copy-copy-13\/"},"modified":"2025-07-08T08:51:34","modified_gmt":"2025-07-08T06:51:34","slug":"schloeffel","status":"publish","type":"ansprechpartner","link":"https:\/\/www.ecosens.ch\/fr\/contact\/schloeffel\/","title":{"rendered":"Ansgar Schl\u00f6ffel"},"featured_media":4890,"template":"","level":[94],"class_list":["post-4889","ansprechpartner","type-ansprechpartner","status-publish","has-post-thumbnail","hentry","level-gebaeude"],"acf":[],"yoast_head":"<!-- This site is optimized with the Yoast SEO plugin v26.8 - https:\/\/yoast.com\/product\/yoast-seo-wordpress\/ -->\n<title>Ansgar Schl\u00f6ffel - Senior Projektleiter Geb\u00e4udeschadstoffe - Ecosens AG<\/title>\n<meta name=\"description\" content=\"Erfahrung  Schadstofferkundung (Asbest, PAK, PCB) seit 2013 Bewertung Schimmelpilzsch\u00e4den (seit 2014) Fachbauleitung (seit 2015) Raumluft, Radon (seit 2016) vom FACH anerkannte Bauschadstoffdiagnostikerin f\u00fcr Geb\u00e4udeschadstoffe (bestandene Nationale Pr\u00fcfung) * Befugnis zur Privaten Kontrolle 3.11 Kanton Z\u00fcrich (seit 2018)  *Nationale Pr\u00fcfung absolviert 2020  Spezialgebiete  Diagnostik, Fachplanung, Fachbauleitung (Geb\u00e4udeschadstoffe)\" \/>\n<meta name=\"robots\" content=\"index, follow, max-snippet:-1, max-image-preview:large, max-video-preview:-1\" \/>\n<link rel=\"canonical\" href=\"https:\/\/www.ecosens.ch\/fr\/contact\/schloeffel\/\" \/>\n<meta property=\"og:locale\" content=\"fr_FR\" \/>\n<meta property=\"og:type\" content=\"article\" \/>\n<meta property=\"og:title\" content=\"Ansgar Schl\u00f6ffel - Senior Projektleiter Geb\u00e4udeschadstoffe - Ecosens AG\" \/>\n<meta property=\"og:description\" content=\"Erfahrung  Schadstofferkundung (Asbest, PAK, PCB) seit 2013 Bewertung Schimmelpilzsch\u00e4den (seit 2014) Fachbauleitung (seit 2015) Raumluft, Radon (seit 2016) vom FACH anerkannte Bauschadstoffdiagnostikerin f\u00fcr Geb\u00e4udeschadstoffe (bestandene Nationale Pr\u00fcfung) * Befugnis zur Privaten Kontrolle 3.11 Kanton Z\u00fcrich (seit 2018)  *Nationale Pr\u00fcfung absolviert 2020  Spezialgebiete  Diagnostik, Fachplanung, Fachbauleitung (Geb\u00e4udeschadstoffe)\" \/>\n<meta property=\"og:url\" content=\"https:\/\/www.ecosens.ch\/fr\/contact\/schloeffel\/\" \/>\n<meta property=\"og:site_name\" content=\"Ecosens AG\" \/>\n<meta property=\"article:modified_time\" content=\"2025-07-08T06:51:34+00:00\" \/>\n<meta property=\"og:image\" content=\"https:\/\/www.ecosens.ch\/wp-content\/uploads\/2023\/05\/ansgar_schliffel-219979ec.jpg\" \/>\n\t<meta property=\"og:image:width\" content=\"235\" \/>\n\t<meta property=\"og:image:height\" content=\"235\" \/>\n\t<meta property=\"og:image:type\" content=\"image\/jpeg\" \/>\n<meta name=\"twitter:card\" content=\"summary_large_image\" \/>\n<script type=\"application\/ld+json\" class=\"yoast-schema-graph\">{\"@context\":\"https:\/\/schema.org\",\"@graph\":[{\"@type\":\"WebPage\",\"@id\":\"https:\/\/www.ecosens.ch\/ansprechpartner\/schloeffel\/\",\"url\":\"https:\/\/www.ecosens.ch\/ansprechpartner\/schloeffel\/\",\"name\":\"Ansgar Schl\u00f6ffel - Senior Projektleiter Geb\u00e4udeschadstoffe - Ecosens AG\",\"isPartOf\":{\"@id\":\"https:\/\/www.ecosens.ch\/#website\"},\"primaryImageOfPage\":{\"@id\":\"https:\/\/www.ecosens.ch\/ansprechpartner\/schloeffel\/#primaryimage\"},\"image\":{\"@id\":\"https:\/\/www.ecosens.ch\/ansprechpartner\/schloeffel\/#primaryimage\"},\"thumbnailUrl\":\"https:\/\/www.ecosens.ch\/wp-content\/uploads\/2023\/05\/ansgar_schliffel-219979ec.jpg\",\"datePublished\":\"2023-05-29T17:38:33+00:00\",\"dateModified\":\"2025-07-08T06:51:34+00:00\",\"description\":\"Erfahrung Schadstofferkundung (Asbest, PAK, PCB) seit 2013 Bewertung Schimmelpilzsch\u00e4den (seit 2014) Fachbauleitung (seit 2015) Raumluft, Radon (seit 2016) vom FACH anerkannte Bauschadstoffdiagnostikerin f\u00fcr Geb\u00e4udeschadstoffe (bestandene Nationale Pr\u00fcfung) * Befugnis zur Privaten Kontrolle 3.11 Kanton Z\u00fcrich (seit 2018) *Nationale Pr\u00fcfung absolviert 2020 Spezialgebiete Diagnostik, Fachplanung, Fachbauleitung (Geb\u00e4udeschadstoffe)\",\"breadcrumb\":{\"@id\":\"https:\/\/www.ecosens.ch\/ansprechpartner\/schloeffel\/#breadcrumb\"},\"inLanguage\":\"fr-FR\",\"potentialAction\":[{\"@type\":\"ReadAction\",\"target\":[\"https:\/\/www.ecosens.ch\/ansprechpartner\/schloeffel\/\"]}]},{\"@type\":\"ImageObject\",\"inLanguage\":\"fr-FR\",\"@id\":\"https:\/\/www.ecosens.ch\/ansprechpartner\/schloeffel\/#primaryimage\",\"url\":\"https:\/\/www.ecosens.ch\/wp-content\/uploads\/2023\/05\/ansgar_schliffel-219979ec.jpg\",\"contentUrl\":\"https:\/\/www.ecosens.ch\/wp-content\/uploads\/2023\/05\/ansgar_schliffel-219979ec.jpg\",\"width\":235,\"height\":235},{\"@type\":\"BreadcrumbList\",\"@id\":\"https:\/\/www.ecosens.ch\/ansprechpartner\/schloeffel\/#breadcrumb\",\"itemListElement\":[{\"@type\":\"ListItem\",\"position\":1,\"name\":\"Startseite\",\"item\":\"https:\/\/www.ecosens.ch\/\"},{\"@type\":\"ListItem\",\"position\":2,\"name\":\"Ansgar Schl\u00f6ffel\"}]},{\"@type\":\"WebSite\",\"@id\":\"https:\/\/www.ecosens.ch\/#website\",\"url\":\"https:\/\/www.ecosens.ch\/\",\"name\":\"Ecosens AG\",\"description\":\"\",\"publisher\":{\"@id\":\"https:\/\/www.ecosens.ch\/#organization\"},\"potentialAction\":[{\"@type\":\"SearchAction\",\"target\":{\"@type\":\"EntryPoint\",\"urlTemplate\":\"https:\/\/www.ecosens.ch\/?s={search_term_string}\"},\"query-input\":{\"@type\":\"PropertyValueSpecification\",\"valueRequired\":true,\"valueName\":\"search_term_string\"}}],\"inLanguage\":\"fr-FR\"},{\"@type\":\"Organization\",\"@id\":\"https:\/\/www.ecosens.ch\/#organization\",\"name\":\"Ecosens AG\",\"url\":\"https:\/\/www.ecosens.ch\/\",\"logo\":{\"@type\":\"ImageObject\",\"inLanguage\":\"fr-FR\",\"@id\":\"https:\/\/www.ecosens.ch\/#\/schema\/logo\/image\/\",\"url\":\"https:\/\/www.ecosens.ch\/wp-content\/uploads\/2023\/01\/logo.svg\",\"contentUrl\":\"https:\/\/www.ecosens.ch\/wp-content\/uploads\/2023\/01\/logo.svg\",\"width\":226,\"height\":45,\"caption\":\"Ecosens AG\"},\"image\":{\"@id\":\"https:\/\/www.ecosens.ch\/#\/schema\/logo\/image\/\"}}]}<\/script>\n<!-- \/ Yoast SEO plugin. -->","yoast_head_json":{"title":"Ansgar Schl\u00f6ffel - Chef de projet senior pour les polluants du b\u00e2timent - Ecosens AG","description":"Exp\u00e9rience de la d\u00e9tection des polluants (amiante, HAP, PCB) depuis 2013 \u00c9valuation des dommages caus\u00e9s par les moisissures (depuis 2014) Direction des travaux (depuis 2015) Air ambiant, radon (depuis 2016) Diagnosticienne en polluants du b\u00e2timent reconnue par la FACH (examen national r\u00e9ussi) * Autorisation de contr\u00f4le priv\u00e9 3.11 canton de Zurich (depuis 2018) *Examen national r\u00e9ussi 2020 Sp\u00e9cialit\u00e9s diagnostic, planification sp\u00e9cialis\u00e9e, direction des travaux (polluants du b\u00e2timent)","robots":{"index":"index","follow":"follow","max-snippet":"max-snippet:-1","max-image-preview":"max-image-preview:large","max-video-preview":"max-video-preview:-1"},"canonical":"https:\/\/www.ecosens.ch\/fr\/contact\/schloeffel\/","og_locale":"fr_FR","og_type":"article","og_title":"Ansgar Schl\u00f6ffel - Senior Projektleiter Geb\u00e4udeschadstoffe - Ecosens AG","og_description":"Erfahrung  Schadstofferkundung (Asbest, PAK, PCB) seit 2013 Bewertung Schimmelpilzsch\u00e4den (seit 2014) Fachbauleitung (seit 2015) Raumluft, Radon (seit 2016) vom FACH anerkannte Bauschadstoffdiagnostikerin f\u00fcr Geb\u00e4udeschadstoffe (bestandene Nationale Pr\u00fcfung) * Befugnis zur Privaten Kontrolle 3.11 Kanton Z\u00fcrich (seit 2018)  *Nationale Pr\u00fcfung absolviert 2020  Spezialgebiete  Diagnostik, Fachplanung, Fachbauleitung (Geb\u00e4udeschadstoffe)","og_url":"https:\/\/www.ecosens.ch\/fr\/contact\/schloeffel\/","og_site_name":"Ecosens AG","article_modified_time":"2025-07-08T06:51:34+00:00","og_image":[{"width":235,"height":235,"url":"https:\/\/www.ecosens.ch\/wp-content\/uploads\/2023\/05\/ansgar_schliffel-219979ec.jpg","type":"image\/jpeg"}],"twitter_card":"summary_large_image","schema":{"@context":"https:\/\/schema.org","@graph":[{"@type":"WebPage","@id":"https:\/\/www.ecosens.ch\/ansprechpartner\/schloeffel\/","url":"https:\/\/www.ecosens.ch\/ansprechpartner\/schloeffel\/","name":"Ansgar Schl\u00f6ffel - Chef de projet senior pour les polluants du b\u00e2timent - Ecosens AG","isPartOf":{"@id":"https:\/\/www.ecosens.ch\/#website"},"primaryImageOfPage":{"@id":"https:\/\/www.ecosens.ch\/ansprechpartner\/schloeffel\/#primaryimage"},"image":{"@id":"https:\/\/www.ecosens.ch\/ansprechpartner\/schloeffel\/#primaryimage"},"thumbnailUrl":"https:\/\/www.ecosens.ch\/wp-content\/uploads\/2023\/05\/ansgar_schliffel-219979ec.jpg","datePublished":"2023-05-29T17:38:33+00:00","dateModified":"2025-07-08T06:51:34+00:00","description":"Exp\u00e9rience de la d\u00e9tection des polluants (amiante, HAP, PCB) depuis 2013 \u00c9valuation des dommages caus\u00e9s par les moisissures (depuis 2014) Direction des travaux (depuis 2015) Air ambiant, radon (depuis 2016) Diagnosticienne en polluants du b\u00e2timent reconnue par la FACH (examen national r\u00e9ussi) * Autorisation de contr\u00f4le priv\u00e9 3.11 canton de Zurich (depuis 2018) *Examen national r\u00e9ussi 2020 Sp\u00e9cialit\u00e9s diagnostic, planification sp\u00e9cialis\u00e9e, direction des travaux (polluants du b\u00e2timent)","breadcrumb":{"@id":"https:\/\/www.ecosens.ch\/ansprechpartner\/schloeffel\/#breadcrumb"},"inLanguage":"fr-FR","potentialAction":[{"@type":"ReadAction","target":["https:\/\/www.ecosens.ch\/ansprechpartner\/schloeffel\/"]}]},{"@type":"ImageObject","inLanguage":"fr-FR","@id":"https:\/\/www.ecosens.ch\/ansprechpartner\/schloeffel\/#primaryimage","url":"https:\/\/www.ecosens.ch\/wp-content\/uploads\/2023\/05\/ansgar_schliffel-219979ec.jpg","contentUrl":"https:\/\/www.ecosens.ch\/wp-content\/uploads\/2023\/05\/ansgar_schliffel-219979ec.jpg","width":235,"height":235},{"@type":"BreadcrumbList","@id":"https:\/\/www.ecosens.ch\/ansprechpartner\/schloeffel\/#breadcrumb","itemListElement":[{"@type":"ListItem","position":1,"name":"Startseite","item":"https:\/\/www.ecosens.ch\/"},{"@type":"ListItem","position":2,"name":"Ansgar Schl\u00f6ffel"}]},{"@type":"WebSite","@id":"https:\/\/www.ecosens.ch\/#website","url":"https:\/\/www.ecosens.ch\/","name":"Ecosens SA","description":"","publisher":{"@id":"https:\/\/www.ecosens.ch\/#organization"},"potentialAction":[{"@type":"SearchAction","target":{"@type":"EntryPoint","urlTemplate":"https:\/\/www.ecosens.ch\/?s={search_term_string}"},"query-input":{"@type":"PropertyValueSpecification","valueRequired":true,"valueName":"search_term_string"}}],"inLanguage":"fr-FR"},{"@type":"Organization","@id":"https:\/\/www.ecosens.ch\/#organization","name":"Ecosens SA","url":"https:\/\/www.ecosens.ch\/","logo":{"@type":"ImageObject","inLanguage":"fr-FR","@id":"https:\/\/www.ecosens.ch\/#\/schema\/logo\/image\/","url":"https:\/\/www.ecosens.ch\/wp-content\/uploads\/2023\/01\/logo.svg","contentUrl":"https:\/\/www.ecosens.ch\/wp-content\/uploads\/2023\/01\/logo.svg","width":226,"height":45,"caption":"Ecosens AG"},"image":{"@id":"https:\/\/www.ecosens.ch\/#\/schema\/logo\/image\/"}}]}},"_links":{"self":[{"href":"https:\/\/www.ecosens.ch\/fr\/wp-json\/wp\/v2\/ansprechpartner\/4889","targetHints":{"allow":["GET"]}}],"collection":[{"href":"https:\/\/www.ecosens.ch\/fr\/wp-json\/wp\/v2\/ansprechpartner"}],"about":[{"href":"https:\/\/www.ecosens.ch\/fr\/wp-json\/wp\/v2\/types\/ansprechpartner"}],"version-history":[{"count":6,"href":"https:\/\/www.ecosens.ch\/fr\/wp-json\/wp\/v2\/ansprechpartner\/4889\/revisions"}],"predecessor-version":[{"id":10876,"href":"https:\/\/www.ecosens.ch\/fr\/wp-json\/wp\/v2\/ansprechpartner\/4889\/revisions\/10876"}],"wp:featuredmedia":[{"embeddable":true,"href":"https:\/\/www.ecosens.ch\/fr\/wp-json\/wp\/v2\/media\/4890"}],"wp:attachment":[{"href":"https:\/\/www.ecosens.ch\/fr\/wp-json\/wp\/v2\/media?parent=4889"}],"wp:term":[{"taxonomy":"level","embeddable":true,"href":"https:\/\/www.ecosens.ch\/fr\/wp-json\/wp\/v2\/level?post=4889"}],"curies":[{"name":"wp","href":"https:\/\/api.w.org\/{rel}","templated":true}]}}